{"id":859,"date":"2025-07-19T17:16:40","date_gmt":"2025-07-19T17:16:40","guid":{"rendered":"https:\/\/educa.cedric-dupraz.ch\/?page_id=859"},"modified":"2026-08-19T16:01:26","modified_gmt":"2026-08-19T16:01:26","slug":"page-daccueil","status":"publish","type":"page","link":"https:\/\/educa.cedric-dupraz.ch\/","title":{"rendered":"Page d&rsquo;accueil"},"content":{"rendered":"\t\t<div data-elementor-type=\"wp-post\" data-elementor-id=\"859\" class=\"elementor elementor-859\">\n\t\t\t\t\t\t<section class=\"elementor-section elementor-top-section elementor-element elementor-element-q0x262l elementor-section-height-min-height elementor-section-boxed elementor-section-height-default elementor-section-items-middle\" data-id=\"q0x262l\" data-element_type=\"section\" data-e-type=\"section\" data-settings=\"{&quot;background_background&quot;:&quot;classic&quot;}\">\n\t\t\t\t\t\t\t<div class=\"elementor-background-overlay\"><\/div>\n\t\t\t\t\t\t\t<div class=\"elementor-container elementor-column-gap-default\">\n\t\t\t\t\t<div class=\"elementor-column elementor-col-50 elementor-top-column elementor-element elementor-element-jlert5r\" data-id=\"jlert5r\" data-element_type=\"column\" data-e-type=\"column\">\n\t\t\t<div class=\"elementor-widget-wrap\">\n\t\t\t\t\t\t\t<\/div>\n\t\t<\/div>\n\t\t\t\t<div class=\"elementor-column elementor-col-50 elementor-top-column elementor-element elementor-element-biy7ig8\" data-id=\"biy7ig8\" data-element_type=\"column\" data-e-type=\"column\" data-settings=\"{&quot;background_background&quot;:&quot;classic&quot;}\">\n\t\t\t<div class=\"elementor-widget-wrap elementor-element-populated\">\n\t\t\t\t\t\t<div class=\"elementor-element elementor-element-hj7wqof elementor-widget elementor-widget-heading\" data-id=\"hj7wqof\" data-element_type=\"widget\" data-e-type=\"widget\" data-widget_type=\"heading.default\">\n\t\t\t\t\t<h1 class=\"elementor-heading-title elementor-size-default\">Histoire et civisme<\/h1>\t\t\t\t<\/div>\n\t\t\t\t<div class=\"elementor-element elementor-element-f6k1q97 elementor-widget-divider--view-line elementor-widget elementor-widget-divider\" data-id=\"f6k1q97\" data-element_type=\"widget\" data-e-type=\"widget\" data-widget_type=\"divider.default\">\n\t\t\t\t\t\t\t<div class=\"elementor-divider\">\n\t\t\t<span class=\"elementor-divider-separator\">\n\t\t\t\t\t\t<\/span>\n\t\t<\/div>\n\t\t\t\t\t\t<\/div>\n\t\t\t\t<div class=\"elementor-element elementor-element-9kuff4d elementor-widget elementor-widget-text-editor\" data-id=\"9kuff4d\" data-element_type=\"widget\" data-e-type=\"widget\" data-widget_type=\"text-editor.default\">\n\t\t\t\t\t\t\t\t\t<p>L&rsquo;histoire, c&rsquo;est quoi ? Ce sont tous les \u00e9v\u00e9nements pass\u00e9s et toutes les personnes qui ont v\u00e9cu avant toi. Ils te montrent le chemin. Parfois, l&rsquo;histoire t&rsquo;explique leurs erreurs, souvent leurs espoirs. D\u00e9veloppe tes connaissances, ton esprit critique pour \u00e9crire l&rsquo;histoire de demain !<\/p><p style=\"text-align: center;\"><em><strong>\u00ab\u00a0On est tous n\u00e9s quelque part&#8230; au hasard\u00a0\u00bb<\/strong><\/em><\/p>\t\t\t\t\t\t\t\t<\/div>\n\t\t\t\t\t<\/div>\n\t\t<\/div>\n\t\t\t\t\t<\/div>\n\t\t<\/section>\n\t\t\t\t<section class=\"elementor-section elementor-top-section elementor-element elementor-element-ownwyz4 elementor-section-boxed elementor-section-height-default elementor-section-height-default\" data-id=\"ownwyz4\" data-element_type=\"section\" data-e-type=\"section\" data-settings=\"{&quot;background_background&quot;:&quot;classic&quot;}\">\n\t\t\t\t\t\t<div class=\"elementor-container elementor-column-gap-default\">\n\t\t\t\t\t<div class=\"elementor-column elementor-col-100 elementor-top-column elementor-element elementor-element-gyk2vrf\" data-id=\"gyk2vrf\" data-element_type=\"column\" data-e-type=\"column\">\n\t\t\t<div class=\"elementor-widget-wrap elementor-element-populated\">\n\t\t\t\t\t\t<div class=\"elementor-element elementor-element-jq33ejj elementor-widget elementor-widget-heading\" data-id=\"jq33ejj\" data-element_type=\"widget\" data-e-type=\"widget\" data-widget_type=\"heading.default\">\n\t\t\t\t\t<h2 class=\"elementor-heading-title elementor-size-default\">L'histoire est le tremplin du pr\u00e9sent !<\/h2>\t\t\t\t<\/div>\n\t\t\t\t<div class=\"elementor-element elementor-element-z2sx271 elementor-widget elementor-widget-text-editor\" data-id=\"z2sx271\" data-element_type=\"widget\" data-e-type=\"widget\" data-widget_type=\"text-editor.default\">\n\t\t\t\t\t\t\t\t\t<h2><span style=\"color: #e89313;\"><b>9\u00e8me ann\u00e9e<\/b><\/span><\/h2>\t\t\t\t\t\t\t\t<\/div>\n\t\t\t\t\t<\/div>\n\t\t<\/div>\n\t\t\t\t\t<\/div>\n\t\t<\/section>\n\t\t\t\t<section class=\"elementor-section elementor-top-section elementor-element elementor-element-l9ge4dm elementor-section-boxed elementor-section-height-default elementor-section-height-default\" data-id=\"l9ge4dm\" data-element_type=\"section\" data-e-type=\"section\" data-settings=\"{&quot;background_background&quot;:&quot;classic&quot;}\">\n\t\t\t\t\t\t<div class=\"elementor-container elementor-column-gap-default\">\n\t\t\t\t\t<div class=\"elementor-column elementor-col-25 elementor-top-column elementor-element elementor-element-c1kacsv\" data-id=\"c1kacsv\" data-element_type=\"column\" data-e-type=\"column\">\n\t\t\t<div class=\"elementor-widget-wrap elementor-element-populated\">\n\t\t\t\t\t\t<div class=\"elementor-element elementor-element-9b9c43d elementor-vertical-align-top elementor-widget elementor-widget-image-box\" data-id=\"9b9c43d\" data-element_type=\"widget\" data-e-type=\"widget\" data-widget_type=\"image-box.default\">\n\t\t\t\t\t<div class=\"elementor-image-box-wrapper\"><figure class=\"elementor-image-box-img\"><a href=\"https:\/\/educa.cedric-dupraz.ch\/?page_id=1124\" tabindex=\"-1\"><img fetchpriority=\"high\" decoding=\"async\" width=\"512\" height=\"512\" src=\"https:\/\/educa.cedric-dupraz.ch\/wp-content\/uploads\/2022\/04\/dove.png\" class=\"attachment-full size-full wp-image-760\" alt=\"\" srcset=\"https:\/\/educa.cedric-dupraz.ch\/wp-content\/uploads\/2022\/04\/dove.png 512w, https:\/\/educa.cedric-dupraz.ch\/wp-content\/uploads\/2022\/04\/dove-300x300.png 300w, https:\/\/educa.cedric-dupraz.ch\/wp-content\/uploads\/2022\/04\/dove-150x150.png 150w\" sizes=\"(max-width: 512px) 100vw, 512px\" \/><\/a><\/figure><div class=\"elementor-image-box-content\"><h3 class=\"elementor-image-box-title\"><a href=\"https:\/\/educa.cedric-dupraz.ch\/?page_id=1124\">L'histoire, c'est quoi ? (9 &amp; 10\u00e8me)<\/a><\/h3><p class=\"elementor-image-box-description\">Faire de l'histoire, c'est \u00eatre un enqu\u00eateur ! Pour te faciliter la t\u00e2che, l'histoire a \u00e9t\u00e9 d\u00e9coup\u00e9e en cinq p\u00e9riodes ! La pr\u00e9histoire, l'Antiquit\u00e9, le Moyen \u00c2ge, les Temps modernes et l'\u00c9poque contemporaine. <\/p><\/div><\/div>\t\t\t\t<\/div>\n\t\t\t\t\t<\/div>\n\t\t<\/div>\n\t\t\t\t<div class=\"elementor-column elementor-col-25 elementor-top-column elementor-element elementor-element-w4wadlb\" data-id=\"w4wadlb\" data-element_type=\"column\" data-e-type=\"column\">\n\t\t\t<div class=\"elementor-widget-wrap elementor-element-populated\">\n\t\t\t\t\t\t<div class=\"elementor-element elementor-element-22d81c6 elementor-vertical-align-top elementor-widget elementor-widget-image-box\" data-id=\"22d81c6\" data-element_type=\"widget\" data-e-type=\"widget\" data-widget_type=\"image-box.default\">\n\t\t\t\t\t<div class=\"elementor-image-box-wrapper\"><figure class=\"elementor-image-box-img\"><a href=\"https:\/\/educa.cedric-dupraz.ch\/?page_id=1100\" tabindex=\"-1\"><img decoding=\"async\" width=\"737\" height=\"737\" src=\"https:\/\/educa.cedric-dupraz.ch\/wp-content\/uploads\/2025\/07\/logo-dun-temple-grec1.png\" class=\"attachment-large size-large wp-image-891\" alt=\"\" srcset=\"https:\/\/educa.cedric-dupraz.ch\/wp-content\/uploads\/2025\/07\/logo-dun-temple-grec1.png 737w, https:\/\/educa.cedric-dupraz.ch\/wp-content\/uploads\/2025\/07\/logo-dun-temple-grec1-300x300.png 300w, https:\/\/educa.cedric-dupraz.ch\/wp-content\/uploads\/2025\/07\/logo-dun-temple-grec1-150x150.png 150w, https:\/\/educa.cedric-dupraz.ch\/wp-content\/uploads\/2025\/07\/logo-dun-temple-grec1-600x600.png 600w\" sizes=\"(max-width: 737px) 100vw, 737px\" \/><\/a><\/figure><div class=\"elementor-image-box-content\"><h3 class=\"elementor-image-box-title\"><a href=\"https:\/\/educa.cedric-dupraz.ch\/?page_id=1100\">la civilisation grecque<\/a><\/h3><p class=\"elementor-image-box-description\">La Gr\u00e8ce  est le berceau, en Occident, de la d\u00e9mocratie, de la philosophie et des jeux Olympiques. Ath\u00e8nes et les cit\u00e9s grecques fondent de nombreuses colonies... et plus encore avec Alexandre le Grand !  <\/p><\/div><\/div>\t\t\t\t<\/div>\n\t\t\t\t\t<\/div>\n\t\t<\/div>\n\t\t\t\t<div class=\"elementor-column elementor-col-25 elementor-top-column elementor-element elementor-element-bjrzq7l\" data-id=\"bjrzq7l\" data-element_type=\"column\" data-e-type=\"column\">\n\t\t\t<div class=\"elementor-widget-wrap elementor-element-populated\">\n\t\t\t\t\t\t<div class=\"elementor-element elementor-element-9aa474b elementor-vertical-align-top elementor-widget elementor-widget-image-box\" data-id=\"9aa474b\" data-element_type=\"widget\" data-e-type=\"widget\" data-widget_type=\"image-box.default\">\n\t\t\t\t\t<div class=\"elementor-image-box-wrapper\"><figure class=\"elementor-image-box-img\"><a href=\"https:\/\/educa.cedric-dupraz.ch\/?page_id=2058\" tabindex=\"-1\"><img decoding=\"async\" width=\"597\" height=\"600\" src=\"https:\/\/educa.cedric-dupraz.ch\/wp-content\/uploads\/2025\/07\/admin-ajax2.png\" class=\"attachment-full size-full wp-image-930\" alt=\"\" srcset=\"https:\/\/educa.cedric-dupraz.ch\/wp-content\/uploads\/2025\/07\/admin-ajax2.png 597w, https:\/\/educa.cedric-dupraz.ch\/wp-content\/uploads\/2025\/07\/admin-ajax2-150x150.png 150w\" sizes=\"(max-width: 597px) 100vw, 597px\" \/><\/a><\/figure><div class=\"elementor-image-box-content\"><h3 class=\"elementor-image-box-title\"><a href=\"https:\/\/educa.cedric-dupraz.ch\/?page_id=2058\">La civilisation romaine<\/a><\/h3><p class=\"elementor-image-box-description\">Petit village aux fondements l\u00e9gendaires, Rome va devenir un royaume et une R\u00e9publique. Apr\u00e8s Jules C\u00e9sar, Rome devient  un immense Empire dominant la M\u00e9diterran\u00e9e... que rien ne semble pouvoir arr\u00eater. <\/p><\/div><\/div>\t\t\t\t<\/div>\n\t\t\t\t\t<\/div>\n\t\t<\/div>\n\t\t\t\t<div class=\"elementor-column elementor-col-25 elementor-top-column elementor-element elementor-element-nttz68f\" data-id=\"nttz68f\" data-element_type=\"column\" data-e-type=\"column\">\n\t\t\t<div class=\"elementor-widget-wrap elementor-element-populated\">\n\t\t\t\t\t\t<div class=\"elementor-element elementor-element-9a06bc6 elementor-vertical-align-top elementor-widget elementor-widget-image-box\" data-id=\"9a06bc6\" data-element_type=\"widget\" data-e-type=\"widget\" data-widget_type=\"image-box.default\">\n\t\t\t\t\t<div class=\"elementor-image-box-wrapper\"><figure class=\"elementor-image-box-img\"><a href=\"https:\/\/educa.cedric-dupraz.ch\/?page_id=2019\" tabindex=\"-1\"><img loading=\"lazy\" decoding=\"async\" width=\"598\" height=\"600\" src=\"https:\/\/educa.cedric-dupraz.ch\/wp-content\/uploads\/2025\/07\/admin-ajax-3.png\" class=\"attachment-full size-full wp-image-931\" alt=\"\" srcset=\"https:\/\/educa.cedric-dupraz.ch\/wp-content\/uploads\/2025\/07\/admin-ajax-3.png 598w, https:\/\/educa.cedric-dupraz.ch\/wp-content\/uploads\/2025\/07\/admin-ajax-3-300x300.png 300w, https:\/\/educa.cedric-dupraz.ch\/wp-content\/uploads\/2025\/07\/admin-ajax-3-150x150.png 150w\" sizes=\"(max-width: 598px) 100vw, 598px\" \/><\/a><\/figure><div class=\"elementor-image-box-content\"><h3 class=\"elementor-image-box-title\"><a href=\"https:\/\/educa.cedric-dupraz.ch\/?page_id=2019\">Le Moyen \u00c2ge<\/a><\/h3><p class=\"elementor-image-box-description\">L'Empire romain d'Occident prend fin en 476 avec les invasions \"Barbares\". \u00c0 l'est, une nouvelle religion na\u00eet : l'islam. En Europe, commence la f\u00e9odalit\u00e9. Les rois et seigneurs se font la guerre. La papaut\u00e9 et l'\u00c9glise deviennent toutes puissantes.<\/p><\/div><\/div>\t\t\t\t<\/div>\n\t\t\t\t\t<\/div>\n\t\t<\/div>\n\t\t\t\t\t<\/div>\n\t\t<\/section>\n\t\t\t\t<section class=\"elementor-section elementor-top-section elementor-element elementor-element-c0f5aa0 elementor-section-boxed elementor-section-height-default elementor-section-height-default\" data-id=\"c0f5aa0\" data-element_type=\"section\" data-e-type=\"section\" data-settings=\"{&quot;background_background&quot;:&quot;classic&quot;}\">\n\t\t\t\t\t\t<div class=\"elementor-container elementor-column-gap-default\">\n\t\t\t\t\t<div class=\"elementor-column elementor-col-100 elementor-top-column elementor-element elementor-element-5c92d9f\" data-id=\"5c92d9f\" data-element_type=\"column\" data-e-type=\"column\">\n\t\t\t<div class=\"elementor-widget-wrap elementor-element-populated\">\n\t\t\t\t\t\t<div class=\"elementor-element elementor-element-b17f758 elementor-widget elementor-widget-text-editor\" data-id=\"b17f758\" data-element_type=\"widget\" data-e-type=\"widget\" data-widget_type=\"text-editor.default\">\n\t\t\t\t\t\t\t\t\t<h2><span style=\"color: #e89313;\"><b>10\u00e8me ann\u00e9e<\/b><\/span><\/h2>\t\t\t\t\t\t\t\t<\/div>\n\t\t\t\t\t<\/div>\n\t\t<\/div>\n\t\t\t\t\t<\/div>\n\t\t<\/section>\n\t\t\t\t<section class=\"elementor-section elementor-top-section elementor-element elementor-element-7d3159f elementor-section-boxed elementor-section-height-default elementor-section-height-default\" data-id=\"7d3159f\" data-element_type=\"section\" data-e-type=\"section\" data-settings=\"{&quot;background_background&quot;:&quot;classic&quot;}\">\n\t\t\t\t\t\t<div class=\"elementor-container elementor-column-gap-default\">\n\t\t\t\t\t<div class=\"elementor-column elementor-col-25 elementor-top-column elementor-element elementor-element-fcf006c\" data-id=\"fcf006c\" data-element_type=\"column\" data-e-type=\"column\">\n\t\t\t<div class=\"elementor-widget-wrap elementor-element-populated\">\n\t\t\t\t\t\t<div class=\"elementor-element elementor-element-28c8272 elementor-vertical-align-top elementor-widget elementor-widget-image-box\" data-id=\"28c8272\" data-element_type=\"widget\" data-e-type=\"widget\" data-widget_type=\"image-box.default\">\n\t\t\t\t\t<div class=\"elementor-image-box-wrapper\"><figure class=\"elementor-image-box-img\"><a href=\"https:\/\/educa.cedric-dupraz.ch\/?page_id=1159\" tabindex=\"-1\"><img loading=\"lazy\" decoding=\"async\" width=\"851\" height=\"846\" src=\"https:\/\/educa.cedric-dupraz.ch\/wp-content\/uploads\/2025\/07\/logo-colore-dune-presse-dimprimeur-et-dun-livre2.png\" class=\"attachment-full size-full wp-image-923\" alt=\"\" srcset=\"https:\/\/educa.cedric-dupraz.ch\/wp-content\/uploads\/2025\/07\/logo-colore-dune-presse-dimprimeur-et-dun-livre2.png 851w, https:\/\/educa.cedric-dupraz.ch\/wp-content\/uploads\/2025\/07\/logo-colore-dune-presse-dimprimeur-et-dun-livre2-300x298.png 300w, https:\/\/educa.cedric-dupraz.ch\/wp-content\/uploads\/2025\/07\/logo-colore-dune-presse-dimprimeur-et-dun-livre2-150x150.png 150w, https:\/\/educa.cedric-dupraz.ch\/wp-content\/uploads\/2025\/07\/logo-colore-dune-presse-dimprimeur-et-dun-livre2-768x763.png 768w\" sizes=\"(max-width: 851px) 100vw, 851px\" \/><\/a><\/figure><div class=\"elementor-image-box-content\"><h3 class=\"elementor-image-box-title\"><a href=\"https:\/\/educa.cedric-dupraz.ch\/?page_id=1159\"><span style=\"font-family: &quot;Marcellus SC&quot;;font-size: 18px;font-style: normal;font-weight: 600;letter-spacing: 1.3px\">La Renaissance et les grandes d\u00e9couvertes<\/span><\/a><\/h3><p class=\"elementor-image-box-description\">La Renaissance est celle des id\u00e9es de l'Antiquit\u00e9, des arts et de la science. L'humanisme remet l'\u00eatre humain au centre, l'imprimerie et la d\u00e9couverte de nouveaux continents, dont l'Am\u00e9rique... le monde s'agrandit !<\/p><\/div><\/div>\t\t\t\t<\/div>\n\t\t\t\t\t<\/div>\n\t\t<\/div>\n\t\t\t\t<div class=\"elementor-column elementor-col-25 elementor-top-column elementor-element elementor-element-53f8233\" data-id=\"53f8233\" data-element_type=\"column\" data-e-type=\"column\">\n\t\t\t<div class=\"elementor-widget-wrap elementor-element-populated\">\n\t\t\t\t\t\t<div class=\"elementor-element elementor-element-bd68658 elementor-vertical-align-top elementor-widget elementor-widget-image-box\" data-id=\"bd68658\" data-element_type=\"widget\" data-e-type=\"widget\" data-widget_type=\"image-box.default\">\n\t\t\t\t\t<div class=\"elementor-image-box-wrapper\"><figure class=\"elementor-image-box-img\"><a href=\"https:\/\/educa.cedric-dupraz.ch\/?page_id=2099\" tabindex=\"-1\"><img loading=\"lazy\" decoding=\"async\" width=\"610\" height=\"608\" src=\"https:\/\/educa.cedric-dupraz.ch\/wp-content\/uploads\/2025\/07\/logo-colore-avec-dun-cote-la-bible-non-ouverte-et-de-lautre-un-crucifix-sur-un-fonds-vert-clair.png\" class=\"attachment-large size-large wp-image-927\" alt=\"\" srcset=\"https:\/\/educa.cedric-dupraz.ch\/wp-content\/uploads\/2025\/07\/logo-colore-avec-dun-cote-la-bible-non-ouverte-et-de-lautre-un-crucifix-sur-un-fonds-vert-clair.png 610w, https:\/\/educa.cedric-dupraz.ch\/wp-content\/uploads\/2025\/07\/logo-colore-avec-dun-cote-la-bible-non-ouverte-et-de-lautre-un-crucifix-sur-un-fonds-vert-clair-300x300.png 300w, https:\/\/educa.cedric-dupraz.ch\/wp-content\/uploads\/2025\/07\/logo-colore-avec-dun-cote-la-bible-non-ouverte-et-de-lautre-un-crucifix-sur-un-fonds-vert-clair-150x150.png 150w\" sizes=\"(max-width: 610px) 100vw, 610px\" \/><\/a><\/figure><div class=\"elementor-image-box-content\"><h3 class=\"elementor-image-box-title\"><a href=\"https:\/\/educa.cedric-dupraz.ch\/?page_id=2099\"><span style=\"font-family: &quot;Marcellus SC&quot;;font-size: 18px;font-style: normal;font-weight: 600;letter-spacing: 1.3px\">La R\u00e9forme et les guerres de religion<\/span><\/a><\/h3><p class=\"elementor-image-box-description\">L'\u00c9glise est critiqu\u00e9e. Martin Luther veut la changer... mais il y aura une cassure. Les guerres entre protestants et catholiques vont diviser la soci\u00e9t\u00e9, mais aussi ensanglanter l'Europe du nord et du sud. <\/p><\/div><\/div>\t\t\t\t<\/div>\n\t\t\t\t\t<\/div>\n\t\t<\/div>\n\t\t\t\t<div class=\"elementor-column elementor-col-25 elementor-top-column elementor-element elementor-element-c5b0385\" data-id=\"c5b0385\" data-element_type=\"column\" data-e-type=\"column\">\n\t\t\t<div class=\"elementor-widget-wrap elementor-element-populated\">\n\t\t\t\t\t\t<div class=\"elementor-element elementor-element-0612d2f elementor-vertical-align-top elementor-widget elementor-widget-image-box\" data-id=\"0612d2f\" data-element_type=\"widget\" data-e-type=\"widget\" data-widget_type=\"image-box.default\">\n\t\t\t\t\t<div class=\"elementor-image-box-wrapper\"><figure class=\"elementor-image-box-img\"><a href=\"https:\/\/educa.cedric-dupraz.ch\/?page_id=3568\" tabindex=\"-1\"><img loading=\"lazy\" decoding=\"async\" width=\"877\" height=\"863\" src=\"https:\/\/educa.cedric-dupraz.ch\/wp-content\/uploads\/2025\/07\/logo-colore-avec-trois-revolutionnaires-en-1789-sur-un-fonds-vert2.png\" class=\"attachment-full size-full wp-image-922\" alt=\"\" srcset=\"https:\/\/educa.cedric-dupraz.ch\/wp-content\/uploads\/2025\/07\/logo-colore-avec-trois-revolutionnaires-en-1789-sur-un-fonds-vert2.png 877w, https:\/\/educa.cedric-dupraz.ch\/wp-content\/uploads\/2025\/07\/logo-colore-avec-trois-revolutionnaires-en-1789-sur-un-fonds-vert2-300x295.png 300w, https:\/\/educa.cedric-dupraz.ch\/wp-content\/uploads\/2025\/07\/logo-colore-avec-trois-revolutionnaires-en-1789-sur-un-fonds-vert2-768x756.png 768w\" sizes=\"(max-width: 877px) 100vw, 877px\" \/><\/a><\/figure><div class=\"elementor-image-box-content\"><h3 class=\"elementor-image-box-title\"><a href=\"https:\/\/educa.cedric-dupraz.ch\/?page_id=3568\">Monarchie absolue et R\u00e9volution <\/a><\/h3><p class=\"elementor-image-box-description\">Au XVIe si\u00e8cle, Louis XIV instaure une monarchie absolue. Au XVIIIe, Les \"Lumi\u00e8res\" veulent la libert\u00e9, l'\u00e9galit\u00e9 et la fin de la superstition. La R\u00e9volution fran\u00e7aise jugera le roi  et proclamera la R\u00e9publique !<\/p><\/div><\/div>\t\t\t\t<\/div>\n\t\t\t\t\t<\/div>\n\t\t<\/div>\n\t\t\t\t<div class=\"elementor-column elementor-col-25 elementor-top-column elementor-element elementor-element-4840f51\" data-id=\"4840f51\" data-element_type=\"column\" data-e-type=\"column\">\n\t\t\t<div class=\"elementor-widget-wrap elementor-element-populated\">\n\t\t\t\t\t\t<div class=\"elementor-element elementor-element-d4c3a73 elementor-vertical-align-top elementor-widget elementor-widget-image-box\" data-id=\"d4c3a73\" data-element_type=\"widget\" data-e-type=\"widget\" data-widget_type=\"image-box.default\">\n\t\t\t\t\t<div class=\"elementor-image-box-wrapper\"><figure class=\"elementor-image-box-img\"><a href=\"https:\/\/educa.cedric-dupraz.ch\/?page_id=3904\" tabindex=\"-1\"><img loading=\"lazy\" decoding=\"async\" width=\"909\" height=\"912\" src=\"https:\/\/educa.cedric-dupraz.ch\/wp-content\/uploads\/2025\/07\/logo-colore-avec-un-train-a-vapeur-et-des-usines-derrieres-sur-un-fond-jaune2.png\" class=\"attachment-full size-full wp-image-929\" alt=\"\" srcset=\"https:\/\/educa.cedric-dupraz.ch\/wp-content\/uploads\/2025\/07\/logo-colore-avec-un-train-a-vapeur-et-des-usines-derrieres-sur-un-fond-jaune2.png 909w, https:\/\/educa.cedric-dupraz.ch\/wp-content\/uploads\/2025\/07\/logo-colore-avec-un-train-a-vapeur-et-des-usines-derrieres-sur-un-fond-jaune2-300x300.png 300w, https:\/\/educa.cedric-dupraz.ch\/wp-content\/uploads\/2025\/07\/logo-colore-avec-un-train-a-vapeur-et-des-usines-derrieres-sur-un-fond-jaune2-150x150.png 150w, https:\/\/educa.cedric-dupraz.ch\/wp-content\/uploads\/2025\/07\/logo-colore-avec-un-train-a-vapeur-et-des-usines-derrieres-sur-un-fond-jaune2-768x771.png 768w\" sizes=\"(max-width: 909px) 100vw, 909px\" \/><\/a><\/figure><div class=\"elementor-image-box-content\"><h3 class=\"elementor-image-box-title\"><a href=\"https:\/\/educa.cedric-dupraz.ch\/?page_id=3904\"><span style=\"font-family: &quot;Marcellus SC&quot;;font-size: 18px;font-style: normal;font-weight: 600;letter-spacing: 1.3px\">Du XIX\u00e8 \u00e0 la 1er Guerre mondiale<\/span><\/a><\/h3><p class=\"elementor-image-box-description\">Napol\u00e9on s'empare de l'Europe et proclame la R\u00e9publique helv\u00e9tique. La R\u00e9volution industrielle commence. En 1848, la Suisse devient un \u00c9tat f\u00e9d\u00e9ral. Les vieux empires vont se lancer dans une guerre mondiale...<\/p><\/div><\/div>\t\t\t\t<\/div>\n\t\t\t\t\t<\/div>\n\t\t<\/div>\n\t\t\t\t\t<\/div>\n\t\t<\/section>\n\t\t\t\t<section class=\"elementor-section elementor-top-section elementor-element elementor-element-21938a3 elementor-section-boxed elementor-section-height-default elementor-section-height-default\" data-id=\"21938a3\" data-element_type=\"section\" data-e-type=\"section\" data-settings=\"{&quot;background_background&quot;:&quot;classic&quot;}\">\n\t\t\t\t\t\t<div class=\"elementor-container elementor-column-gap-default\">\n\t\t\t\t\t<div class=\"elementor-column elementor-col-100 elementor-top-column elementor-element elementor-element-defe8af\" data-id=\"defe8af\" data-element_type=\"column\" data-e-type=\"column\">\n\t\t\t<div class=\"elementor-widget-wrap elementor-element-populated\">\n\t\t\t\t\t\t<div class=\"elementor-element elementor-element-fd562c0 elementor-widget elementor-widget-text-editor\" data-id=\"fd562c0\" data-element_type=\"widget\" data-e-type=\"widget\" data-widget_type=\"text-editor.default\">\n\t\t\t\t\t\t\t\t\t<h2><span style=\"color: #e89313;\"><b>11\u00e8me ann\u00e9e : Monde contemporain et citoyennet\u00e9<\/b><\/span><\/h2>\t\t\t\t\t\t\t\t<\/div>\n\t\t\t\t\t<\/div>\n\t\t<\/div>\n\t\t\t\t\t<\/div>\n\t\t<\/section>\n\t\t\t\t<section class=\"elementor-section elementor-top-section elementor-element elementor-element-d1cfc26 elementor-section-boxed elementor-section-height-default elementor-section-height-default\" data-id=\"d1cfc26\" data-element_type=\"section\" data-e-type=\"section\" data-settings=\"{&quot;background_background&quot;:&quot;classic&quot;}\">\n\t\t\t\t\t\t<div class=\"elementor-container elementor-column-gap-default\">\n\t\t\t\t\t<div class=\"elementor-column elementor-col-25 elementor-top-column elementor-element elementor-element-b1da5bb\" data-id=\"b1da5bb\" data-element_type=\"column\" data-e-type=\"column\">\n\t\t\t<div class=\"elementor-widget-wrap elementor-element-populated\">\n\t\t\t\t\t\t<div class=\"elementor-element elementor-element-eca3f91 elementor-vertical-align-top elementor-widget elementor-widget-image-box\" data-id=\"eca3f91\" data-element_type=\"widget\" data-e-type=\"widget\" data-widget_type=\"image-box.default\">\n\t\t\t\t\t<div class=\"elementor-image-box-wrapper\"><figure class=\"elementor-image-box-img\"><a href=\"https:\/\/educa.cedric-dupraz.ch\/?page_id=1592\" tabindex=\"-1\"><img loading=\"lazy\" decoding=\"async\" width=\"645\" height=\"643\" src=\"https:\/\/educa.cedric-dupraz.ch\/wp-content\/uploads\/2025\/08\/logo-rond-tres-colore-avec-du-rouge-du-vert-et-du-jaune-avec-des-personnes-qui-sortent-dune-tranchee-lors-de-la-premiere-guerre-mondiale1.png\" class=\"attachment-full size-full wp-image-1552\" alt=\"\" srcset=\"https:\/\/educa.cedric-dupraz.ch\/wp-content\/uploads\/2025\/08\/logo-rond-tres-colore-avec-du-rouge-du-vert-et-du-jaune-avec-des-personnes-qui-sortent-dune-tranchee-lors-de-la-premiere-guerre-mondiale1.png 645w, https:\/\/educa.cedric-dupraz.ch\/wp-content\/uploads\/2025\/08\/logo-rond-tres-colore-avec-du-rouge-du-vert-et-du-jaune-avec-des-personnes-qui-sortent-dune-tranchee-lors-de-la-premiere-guerre-mondiale1-300x300.png 300w, https:\/\/educa.cedric-dupraz.ch\/wp-content\/uploads\/2025\/08\/logo-rond-tres-colore-avec-du-rouge-du-vert-et-du-jaune-avec-des-personnes-qui-sortent-dune-tranchee-lors-de-la-premiere-guerre-mondiale1-150x150.png 150w\" sizes=\"(max-width: 645px) 100vw, 645px\" \/><\/a><\/figure><div class=\"elementor-image-box-content\"><h3 class=\"elementor-image-box-title\"><a href=\"https:\/\/educa.cedric-dupraz.ch\/?page_id=1592\"><span style=\"font-family: &quot;Marcellus SC&quot;;font-size: 18px;font-style: normal;font-weight: 600;letter-spacing: 1.3px\">La 1er Guerre mondiale<\/span><\/a><\/h3><p class=\"elementor-image-box-description\">Les rivalit\u00e9s (nationalisme, imp\u00e9rialisme, course \u00e0 l'armement) qui divisent l'Europe provoquent une guerre mondiale et totale. Elle causera la mort de 20 millions de personnes et la disparition de quatre empires. <\/p><\/div><\/div>\t\t\t\t<\/div>\n\t\t\t\t\t<\/div>\n\t\t<\/div>\n\t\t\t\t<div class=\"elementor-column elementor-col-25 elementor-top-column elementor-element elementor-element-c007313\" data-id=\"c007313\" data-element_type=\"column\" data-e-type=\"column\">\n\t\t\t<div class=\"elementor-widget-wrap elementor-element-populated\">\n\t\t\t\t\t\t<div class=\"elementor-element elementor-element-db4745e elementor-vertical-align-top elementor-widget elementor-widget-image-box\" data-id=\"db4745e\" data-element_type=\"widget\" data-e-type=\"widget\" data-widget_type=\"image-box.default\">\n\t\t\t\t\t<div class=\"elementor-image-box-wrapper\"><figure class=\"elementor-image-box-img\"><a href=\"https:\/\/educa.cedric-dupraz.ch\/?page_id=2589\" tabindex=\"-1\"><img loading=\"lazy\" decoding=\"async\" width=\"800\" height=\"787\" src=\"https:\/\/educa.cedric-dupraz.ch\/wp-content\/uploads\/2025\/08\/logo-rond-tres-colore-en-brun-avec-des-lames-de-couteaux1.png\" class=\"attachment-2048x2048 size-2048x2048 wp-image-1551\" alt=\"\" srcset=\"https:\/\/educa.cedric-dupraz.ch\/wp-content\/uploads\/2025\/08\/logo-rond-tres-colore-en-brun-avec-des-lames-de-couteaux1.png 800w, https:\/\/educa.cedric-dupraz.ch\/wp-content\/uploads\/2025\/08\/logo-rond-tres-colore-en-brun-avec-des-lames-de-couteaux1-300x295.png 300w, https:\/\/educa.cedric-dupraz.ch\/wp-content\/uploads\/2025\/08\/logo-rond-tres-colore-en-brun-avec-des-lames-de-couteaux1-768x756.png 768w\" sizes=\"(max-width: 800px) 100vw, 800px\" \/><\/a><\/figure><div class=\"elementor-image-box-content\"><h3 class=\"elementor-image-box-title\"><a href=\"https:\/\/educa.cedric-dupraz.ch\/?page_id=2589\"><span style=\"font-family: &quot;Marcellus SC&quot;;font-size: 18px;font-style: normal;font-weight: 600;letter-spacing: 1.3px\">La mont\u00e9e des totalitarismes <\/span><\/a><\/h3><p class=\"elementor-image-box-description\">Au lendemain de la 1er Guerre mondiale, les espoirs de paix sont vite bris\u00e9s : Trait\u00e9 de Versailles, crise de 1929 et ch\u00f4mage massif. Des dictatures apparaissent en Europe (fascisme, nazisme, stalinisme). <\/p><\/div><\/div>\t\t\t\t<\/div>\n\t\t\t\t\t<\/div>\n\t\t<\/div>\n\t\t\t\t<div class=\"elementor-column elementor-col-25 elementor-top-column elementor-element elementor-element-c54ee7b\" data-id=\"c54ee7b\" data-element_type=\"column\" data-e-type=\"column\">\n\t\t\t<div class=\"elementor-widget-wrap elementor-element-populated\">\n\t\t\t\t\t\t<div class=\"elementor-element elementor-element-b5feed5 elementor-vertical-align-top elementor-widget elementor-widget-image-box\" data-id=\"b5feed5\" data-element_type=\"widget\" data-e-type=\"widget\" data-widget_type=\"image-box.default\">\n\t\t\t\t\t<div class=\"elementor-image-box-wrapper\"><figure class=\"elementor-image-box-img\"><a href=\"https:\/\/educa.cedric-dupraz.ch\/?page_id=3694\" tabindex=\"-1\"><img loading=\"lazy\" decoding=\"async\" width=\"760\" height=\"735\" src=\"https:\/\/educa.cedric-dupraz.ch\/wp-content\/uploads\/2025\/08\/Champignon-atomique1.png\" class=\"attachment-full size-full wp-image-1550\" alt=\"\" srcset=\"https:\/\/educa.cedric-dupraz.ch\/wp-content\/uploads\/2025\/08\/Champignon-atomique1.png 760w, https:\/\/educa.cedric-dupraz.ch\/wp-content\/uploads\/2025\/08\/Champignon-atomique1-300x290.png 300w\" sizes=\"(max-width: 760px) 100vw, 760px\" \/><\/a><\/figure><div class=\"elementor-image-box-content\"><h3 class=\"elementor-image-box-title\"><a href=\"https:\/\/educa.cedric-dupraz.ch\/?page_id=3694\">La 2nd Guerre mondiale <\/a><\/h3><p class=\"elementor-image-box-description\">Face \u00e0 la passivit\u00e9 des d\u00e9mocraties, l'Europe, puis le monde s'enflamment. Le conflit le plus meurtrier de l'Histoire (plus 50 millions de morts) d\u00e9bouchera, avec la bombe atomique, sur une nouvelle \u00e8re.<\/p><\/div><\/div>\t\t\t\t<\/div>\n\t\t\t\t\t<\/div>\n\t\t<\/div>\n\t\t\t\t<div class=\"elementor-column elementor-col-25 elementor-top-column elementor-element elementor-element-5f10965\" data-id=\"5f10965\" data-element_type=\"column\" data-e-type=\"column\">\n\t\t\t<div class=\"elementor-widget-wrap elementor-element-populated\">\n\t\t\t\t\t\t<div class=\"elementor-element elementor-element-ce85a24 elementor-vertical-align-top elementor-widget elementor-widget-image-box\" data-id=\"ce85a24\" data-element_type=\"widget\" data-e-type=\"widget\" data-widget_type=\"image-box.default\">\n\t\t\t\t\t<div class=\"elementor-image-box-wrapper\"><figure class=\"elementor-image-box-img\"><a href=\"https:\/\/educa.cedric-dupraz.ch\/?page_id=4077\" tabindex=\"-1\"><img loading=\"lazy\" decoding=\"async\" width=\"687\" height=\"675\" src=\"https:\/\/educa.cedric-dupraz.ch\/wp-content\/uploads\/2025\/08\/logo-rond-avec-des-elements-qui-depassent-jaune-et-colore-de-poings-leves1.png\" class=\"attachment-full size-full wp-image-1548\" alt=\"\" srcset=\"https:\/\/educa.cedric-dupraz.ch\/wp-content\/uploads\/2025\/08\/logo-rond-avec-des-elements-qui-depassent-jaune-et-colore-de-poings-leves1.png 687w, https:\/\/educa.cedric-dupraz.ch\/wp-content\/uploads\/2025\/08\/logo-rond-avec-des-elements-qui-depassent-jaune-et-colore-de-poings-leves1-300x295.png 300w\" sizes=\"(max-width: 687px) 100vw, 687px\" \/><\/a><\/figure><div class=\"elementor-image-box-content\"><h3 class=\"elementor-image-box-title\"><a href=\"https:\/\/educa.cedric-dupraz.ch\/?page_id=4077\">La Guerre froide, la d\u00e9colonisation et... demain ? <\/a><\/h3><p class=\"elementor-image-box-description\">Apr\u00e8s 1945 s'ouvre un monde bipolaire domin\u00e9 par les USA et l'URSS. Entre d\u00e9colonisation, progr\u00e8s sociaux et technologiques, un nouveau mill\u00e9naire d\u00e9bute avec ses craintes et espoirs.<\/p><\/div><\/div>\t\t\t\t<\/div>\n\t\t\t\t\t<\/div>\n\t\t<\/div>\n\t\t\t\t\t<\/div>\n\t\t<\/section>\n\t\t\t\t<section class=\"elementor-section elementor-top-section elementor-element elementor-element-22126fb elementor-section-boxed elementor-section-height-default elementor-section-height-default\" data-id=\"22126fb\" data-element_type=\"section\" data-e-type=\"section\" data-settings=\"{&quot;background_background&quot;:&quot;classic&quot;}\">\n\t\t\t\t\t\t<div class=\"elementor-container elementor-column-gap-default\">\n\t\t\t\t\t<div class=\"elementor-column elementor-col-25 elementor-top-column elementor-element elementor-element-9bcc841\" data-id=\"9bcc841\" data-element_type=\"column\" data-e-type=\"column\">\n\t\t\t<div class=\"elementor-widget-wrap elementor-element-populated\">\n\t\t\t\t\t\t<div class=\"elementor-element elementor-element-0513037 elementor-vertical-align-top elementor-widget elementor-widget-image-box\" data-id=\"0513037\" data-element_type=\"widget\" data-e-type=\"widget\" data-widget_type=\"image-box.default\">\n\t\t\t\t\t<div class=\"elementor-image-box-wrapper\"><figure class=\"elementor-image-box-img\"><a href=\"https:\/\/educa.cedric-dupraz.ch\/?page_id=1188\" tabindex=\"-1\"><img loading=\"lazy\" decoding=\"async\" width=\"512\" height=\"512\" src=\"https:\/\/educa.cedric-dupraz.ch\/wp-content\/uploads\/2022\/04\/libra.png\" class=\"attachment-full size-full wp-image-765\" alt=\"\" srcset=\"https:\/\/educa.cedric-dupraz.ch\/wp-content\/uploads\/2022\/04\/libra.png 512w, https:\/\/educa.cedric-dupraz.ch\/wp-content\/uploads\/2022\/04\/libra-300x300.png 300w, https:\/\/educa.cedric-dupraz.ch\/wp-content\/uploads\/2022\/04\/libra-150x150.png 150w\" sizes=\"(max-width: 512px) 100vw, 512px\" \/><\/a><\/figure><div class=\"elementor-image-box-content\"><h3 class=\"elementor-image-box-title\"><a href=\"https:\/\/educa.cedric-dupraz.ch\/?page_id=1188\"><span style=\"font-family: &quot;Marcellus SC&quot;;font-size: 18px;font-style: normal;font-weight: 600;letter-spacing: 1.3px\">La Politique, la Citoyennet\u00e9, l'\u00c9tat et la d\u00e9mocratie<\/span><\/a><\/h3><p class=\"elementor-image-box-description\">Tout le monde fait de la politique... peut-\u00eatre sans le savoir. D\u00e9couvre ce que sont les diff\u00e9rents r\u00e9gimes politiques, mais aussi la citoyennet\u00e9, l'\u00c9tat et la d\u00e9mocratie !<\/p><\/div><\/div>\t\t\t\t<\/div>\n\t\t\t\t\t<\/div>\n\t\t<\/div>\n\t\t\t\t<div class=\"elementor-column elementor-col-25 elementor-top-column elementor-element elementor-element-93b2621\" data-id=\"93b2621\" data-element_type=\"column\" data-e-type=\"column\">\n\t\t\t<div class=\"elementor-widget-wrap elementor-element-populated\">\n\t\t\t\t\t\t<div class=\"elementor-element elementor-element-5b8f7d9 elementor-vertical-align-top elementor-widget elementor-widget-image-box\" data-id=\"5b8f7d9\" data-element_type=\"widget\" data-e-type=\"widget\" data-widget_type=\"image-box.default\">\n\t\t\t\t\t<div class=\"elementor-image-box-wrapper\"><figure class=\"elementor-image-box-img\"><a href=\"https:\/\/educa.cedric-dupraz.ch\/?page_id=1438\" tabindex=\"-1\"><img loading=\"lazy\" decoding=\"async\" width=\"672\" height=\"677\" src=\"https:\/\/educa.cedric-dupraz.ch\/wp-content\/uploads\/2025\/07\/logo-palais.png\" class=\"attachment-2048x2048 size-2048x2048 wp-image-1015\" alt=\"\" srcset=\"https:\/\/educa.cedric-dupraz.ch\/wp-content\/uploads\/2025\/07\/logo-palais.png 672w, https:\/\/educa.cedric-dupraz.ch\/wp-content\/uploads\/2025\/07\/logo-palais-298x300.png 298w, https:\/\/educa.cedric-dupraz.ch\/wp-content\/uploads\/2025\/07\/logo-palais-150x150.png 150w\" sizes=\"(max-width: 672px) 100vw, 672px\" \/><\/a><\/figure><div class=\"elementor-image-box-content\"><h3 class=\"elementor-image-box-title\"><a href=\"https:\/\/educa.cedric-dupraz.ch\/?page_id=1438\"><span style=\"font-family: &quot;Marcellus SC&quot;;font-size: 18px;font-style: normal;font-weight: 600;letter-spacing: 1.3px\">Les Institutions suisses<\/span><\/a><\/h3><p class=\"elementor-image-box-description\">La d\u00e9mocratie s\u00e9pare les pouvoirs l\u00e9gislatifs, ex\u00e9cutifs et judiciaires. Les institutions suisses, elles, se r\u00e9partissent en trois niveaux : communes, cantons et Conf\u00e9d\u00e9ration... avec des droits de r\u00e9f\u00e9rendum et d'initiatives !  <\/p><\/div><\/div>\t\t\t\t<\/div>\n\t\t\t\t\t<\/div>\n\t\t<\/div>\n\t\t\t\t<div class=\"elementor-column elementor-col-25 elementor-top-column elementor-element elementor-element-04df8b9\" data-id=\"04df8b9\" data-element_type=\"column\" data-e-type=\"column\">\n\t\t\t<div class=\"elementor-widget-wrap elementor-element-populated\">\n\t\t\t\t\t\t<div class=\"elementor-element elementor-element-a5de25f elementor-vertical-align-top elementor-widget elementor-widget-image-box\" data-id=\"a5de25f\" data-element_type=\"widget\" data-e-type=\"widget\" data-widget_type=\"image-box.default\">\n\t\t\t\t\t<div class=\"elementor-image-box-wrapper\"><figure class=\"elementor-image-box-img\"><a href=\"https:\/\/educa.cedric-dupraz.ch\/?page_id=4051\" tabindex=\"-1\"><img loading=\"lazy\" decoding=\"async\" width=\"936\" height=\"884\" src=\"https:\/\/educa.cedric-dupraz.ch\/wp-content\/uploads\/2025\/07\/logo-partis-politiques.png\" class=\"attachment-full size-full wp-image-1016\" alt=\"\" srcset=\"https:\/\/educa.cedric-dupraz.ch\/wp-content\/uploads\/2025\/07\/logo-partis-politiques.png 936w, https:\/\/educa.cedric-dupraz.ch\/wp-content\/uploads\/2025\/07\/logo-partis-politiques-300x283.png 300w, https:\/\/educa.cedric-dupraz.ch\/wp-content\/uploads\/2025\/07\/logo-partis-politiques-768x725.png 768w\" sizes=\"(max-width: 936px) 100vw, 936px\" \/><\/a><\/figure><div class=\"elementor-image-box-content\"><h3 class=\"elementor-image-box-title\"><a href=\"https:\/\/educa.cedric-dupraz.ch\/?page_id=4051\">Budget, revenus et d\u00e9penses<\/a><\/h3><p class=\"elementor-image-box-description\">Notre soci\u00e9t\u00e9 de consommation comporte de nombreux risques (pr\u00eat, leasing, placement...). Une bonne gestion de son budget, de ses d\u00e9penses et obligations permet de faire face aux r\u00e9alit\u00e9s de la vie. <\/p><\/div><\/div>\t\t\t\t<\/div>\n\t\t\t\t\t<\/div>\n\t\t<\/div>\n\t\t\t\t<div class=\"elementor-column elementor-col-25 elementor-top-column elementor-element elementor-element-1187c76\" data-id=\"1187c76\" data-element_type=\"column\" data-e-type=\"column\">\n\t\t\t<div class=\"elementor-widget-wrap elementor-element-populated\">\n\t\t\t\t\t\t<div class=\"elementor-element elementor-element-f45a6a8 elementor-vertical-align-top elementor-widget elementor-widget-image-box\" data-id=\"f45a6a8\" data-element_type=\"widget\" data-e-type=\"widget\" data-widget_type=\"image-box.default\">\n\t\t\t\t\t<div class=\"elementor-image-box-wrapper\"><figure class=\"elementor-image-box-img\"><a href=\"https:\/\/educa.cedric-dupraz.ch\/?page_id=1253\" tabindex=\"-1\"><img loading=\"lazy\" decoding=\"async\" width=\"1018\" height=\"888\" src=\"https:\/\/educa.cedric-dupraz.ch\/wp-content\/uploads\/2025\/07\/logo-colore-avec-des-des.png\" class=\"attachment-full size-full wp-image-1022\" alt=\"\" srcset=\"https:\/\/educa.cedric-dupraz.ch\/wp-content\/uploads\/2025\/07\/logo-colore-avec-des-des.png 1018w, https:\/\/educa.cedric-dupraz.ch\/wp-content\/uploads\/2025\/07\/logo-colore-avec-des-des-300x262.png 300w, https:\/\/educa.cedric-dupraz.ch\/wp-content\/uploads\/2025\/07\/logo-colore-avec-des-des-768x670.png 768w\" sizes=\"(max-width: 1018px) 100vw, 1018px\" \/><\/a><\/figure><div class=\"elementor-image-box-content\"><h3 class=\"elementor-image-box-title\"><a href=\"https:\/\/educa.cedric-dupraz.ch\/?page_id=1253\">La Politique par immersion : le jeu<\/a><\/h3><p class=\"elementor-image-box-description\">Quoi de mieux pour apprendre que de vivre une exp\u00e9rience. Sois-toi aussi un membre d'un parlement ou d'un gouvernement au travers d'un jeu de r\u00f4le \u00e0 ta disposition.  \nTu pourras faire des propositions, d\u00e9battre et voter !<\/p><\/div><\/div>\t\t\t\t<\/div>\n\t\t\t\t\t<\/div>\n\t\t<\/div>\n\t\t\t\t\t<\/div>\n\t\t<\/section>\n\t\t\t\t<section class=\"elementor-section elementor-top-section elementor-element elementor-element-uii517w elementor-section-boxed elementor-section-height-default elementor-section-height-default\" data-id=\"uii517w\" data-element_type=\"section\" data-e-type=\"section\" data-settings=\"{&quot;background_background&quot;:&quot;classic&quot;}\">\n\t\t\t\t\t\t<div class=\"elementor-container elementor-column-gap-default\">\n\t\t\t\t\t<div class=\"elementor-column elementor-col-25 elementor-top-column elementor-element elementor-element-r7sol6r\" data-id=\"r7sol6r\" data-element_type=\"column\" data-e-type=\"column\">\n\t\t\t<div class=\"elementor-widget-wrap elementor-element-populated\">\n\t\t\t\t\t\t<div class=\"elementor-element elementor-element-byml0ni counter-title elementor-widget elementor-widget-counter\" data-id=\"byml0ni\" data-element_type=\"widget\" data-e-type=\"widget\" data-widget_type=\"counter.default\">\n\t\t\t\t\t\t\t<div class=\"elementor-counter\">\n\t\t\t<div class=\"elementor-counter-title\">\u00e2ge de l'univers<\/div>\t\t\t<div class=\"elementor-counter-number-wrapper\">\n\t\t\t\t<span class=\"elementor-counter-number-prefix\"><\/span>\n\t\t\t\t<span class=\"elementor-counter-number\" data-duration=\"2000\" data-to-value=\"13.77\" data-from-value=\"\" data-delimiter=\",\"><\/span>\n\t\t\t\t<span class=\"elementor-counter-number-suffix\"> milliards<\/span>\n\t\t\t<\/div>\n\t\t<\/div>\n\t\t\t\t\t\t<\/div>\n\t\t\t\t\t<\/div>\n\t\t<\/div>\n\t\t\t\t<div class=\"elementor-column elementor-col-25 elementor-top-column elementor-element elementor-element-2h8y806\" data-id=\"2h8y806\" data-element_type=\"column\" data-e-type=\"column\">\n\t\t\t<div class=\"elementor-widget-wrap elementor-element-populated\">\n\t\t\t\t\t\t<div class=\"elementor-element elementor-element-wemhc1c counter-title elementor-widget elementor-widget-counter\" data-id=\"wemhc1c\" data-element_type=\"widget\" data-e-type=\"widget\" data-widget_type=\"counter.default\">\n\t\t\t\t\t\t\t<div class=\"elementor-counter\">\n\t\t\t<div class=\"elementor-counter-title\">\u00e2ge de la terre<\/div>\t\t\t<div class=\"elementor-counter-number-wrapper\">\n\t\t\t\t<span class=\"elementor-counter-number-prefix\"><\/span>\n\t\t\t\t<span class=\"elementor-counter-number\" data-duration=\"2000\" data-to-value=\"4.6\" data-from-value=\"\" data-delimiter=\",\"><\/span>\n\t\t\t\t<span class=\"elementor-counter-number-suffix\"> milliards<\/span>\n\t\t\t<\/div>\n\t\t<\/div>\n\t\t\t\t\t\t<\/div>\n\t\t\t\t\t<\/div>\n\t\t<\/div>\n\t\t\t\t<div class=\"elementor-column elementor-col-25 elementor-top-column elementor-element elementor-element-j392pip\" data-id=\"j392pip\" data-element_type=\"column\" data-e-type=\"column\">\n\t\t\t<div class=\"elementor-widget-wrap elementor-element-populated\">\n\t\t\t\t\t\t<div class=\"elementor-element elementor-element-6l2zkgb counter-title elementor-widget elementor-widget-counter\" data-id=\"6l2zkgb\" data-element_type=\"widget\" data-e-type=\"widget\" data-widget_type=\"counter.default\">\n\t\t\t\t\t\t\t<div class=\"elementor-counter\">\n\t\t\t<div class=\"elementor-counter-title\">p\u00e9riode des dinosaures<\/div>\t\t\t<div class=\"elementor-counter-number-wrapper\">\n\t\t\t\t<span class=\"elementor-counter-number-prefix\">250 \u00e0 <\/span>\n\t\t\t\t<span class=\"elementor-counter-number\" data-duration=\"2000\" data-to-value=\"65\" data-from-value=\"\" data-delimiter=\",\"><\/span>\n\t\t\t\t<span class=\"elementor-counter-number-suffix\"> millions<\/span>\n\t\t\t<\/div>\n\t\t<\/div>\n\t\t\t\t\t\t<\/div>\n\t\t\t\t\t<\/div>\n\t\t<\/div>\n\t\t\t\t<div class=\"elementor-column elementor-col-25 elementor-top-column elementor-element elementor-element-x5a80oy\" data-id=\"x5a80oy\" data-element_type=\"column\" data-e-type=\"column\">\n\t\t\t<div class=\"elementor-widget-wrap elementor-element-populated\">\n\t\t\t\t\t\t<div class=\"elementor-element elementor-element-bkwhf6r counter-title elementor-widget elementor-widget-counter\" data-id=\"bkwhf6r\" data-element_type=\"widget\" data-e-type=\"widget\" data-widget_type=\"counter.default\">\n\t\t\t\t\t\t\t<div class=\"elementor-counter\">\n\t\t\t<div class=\"elementor-counter-title\">\u00e2ge d'Homo sapiens<\/div>\t\t\t<div class=\"elementor-counter-number-wrapper\">\n\t\t\t\t<span class=\"elementor-counter-number-prefix\"><\/span>\n\t\t\t\t<span class=\"elementor-counter-number\" data-duration=\"2000\" data-to-value=\"300\" data-from-value=\"\" data-delimiter=\",\"><\/span>\n\t\t\t\t<span class=\"elementor-counter-number-suffix\"> mille<\/span>\n\t\t\t<\/div>\n\t\t<\/div>\n\t\t\t\t\t\t<\/div>\n\t\t\t\t\t<\/div>\n\t\t<\/div>\n\t\t\t\t\t<\/div>\n\t\t<\/section>\n\t\t<div class=\"elementor-element elementor-element-6c57793 e-flex e-con-boxed e-con e-parent\" data-id=\"6c57793\" data-element_type=\"container\" data-e-type=\"container\">\n\t\t\t\t\t<div class=\"e-con-inner\">\n\t\t<div class=\"elementor-element elementor-element-405d3a0 e-con-full e-flex e-con e-child\" data-id=\"405d3a0\" data-element_type=\"container\" data-e-type=\"container\">\n\t\t\t\t<div class=\"elementor-element elementor-element-fc9a170 elementor-widget elementor-widget-text-editor\" data-id=\"fc9a170\" data-element_type=\"widget\" data-e-type=\"widget\" data-widget_type=\"text-editor.default\">\n\t\t\t\t\t\t\t\t\t<h3><a href=\"https:\/\/educa.cedric-dupraz.ch\/?p=3234\"><span style=\"color: #d49924;\">D&rsquo;o\u00f9 je viens ?<\/span><\/a><\/h3><p><span style=\"color: #ffffff; font-size: 14px;\">Il y a<strong> 25 millions d&rsquo;ann\u00e9es<\/strong>, des <strong>grands singes<\/strong> <strong>homino\u00efdes<\/strong> apparaissent sur Terre. Ceux-ci vont se perfectionner&#8230; inventer le <strong>sommeil<\/strong>, l&rsquo;<strong>empathie<\/strong>, \u00a0l&rsquo;<strong>amour<\/strong> et la <strong>guerre<\/strong>. Ils vont <strong>penser la mort<\/strong> et <strong>le temps<\/strong>. Ils deviennent&#8230; <strong>Homo Sapiens<\/strong>.\u00a0<\/span><\/p>\t\t\t\t\t\t\t\t<\/div>\n\t\t\t\t<\/div>\n\t\t<div class=\"elementor-element elementor-element-b23e433 e-con-full e-flex e-con e-child\" data-id=\"b23e433\" data-element_type=\"container\" data-e-type=\"container\">\n\t\t\t\t<div class=\"elementor-element elementor-element-b9d8729 elementor-widget elementor-widget-video\" data-id=\"b9d8729\" data-element_type=\"widget\" data-e-type=\"widget\" data-settings=\"{&quot;video_type&quot;:&quot;hosted&quot;,&quot;controls&quot;:&quot;yes&quot;}\" data-widget_type=\"video.default\">\n\t\t\t\t\t\t\t<div class=\"e-hosted-video elementor-wrapper elementor-open-inline\">\n\t\t\t\t\t<video class=\"elementor-video\" src=\"https:\/\/educa.cedric-dupraz.ch\/wp-content\/uploads\/2025\/11\/Premier-Homme-resume_Frederic-Fougea_Jerome-Guiot_2016.mp4\" controls=\"\" preload=\"metadata\" controlsList=\"nodownload\"><\/video>\n\t\t\t\t<\/div>\n\t\t\t\t\t\t<\/div>\n\t\t\t\t<\/div>\n\t\t<div class=\"elementor-element elementor-element-b5580e8 e-con-full e-flex e-con e-child\" data-id=\"b5580e8\" data-element_type=\"container\" data-e-type=\"container\">\n\t\t\t\t<div class=\"elementor-element elementor-element-4217cf2 elementor-widget elementor-widget-text-editor\" data-id=\"4217cf2\" data-element_type=\"widget\" data-e-type=\"widget\" data-widget_type=\"text-editor.default\">\n\t\t\t\t\t\t\t\t\t<h3><span style=\"color: #d49924;\">Qui suis-je ?&#8230; Et o\u00f9 vais-je ?<\/span><\/h3><p><span style=\"color: #ffffff;\">Ils vont \u00e9voluer et cr\u00e9er des <strong>soci\u00e9t\u00e9s<\/strong>. Ils vont \u00e9laborer la <strong>d\u00e9mocratie<\/strong>, comprendre que le <strong>groupe<\/strong> et la <strong>coop\u00e9ration<\/strong> permettent de <strong>vivre ensemble <\/strong>et<strong>\u00a0se d\u00e9velopper<\/strong>&#8230; jusqu&rsquo;aller <strong>dans l&rsquo;espace<\/strong> !\u00a0<\/span><\/p>\t\t\t\t\t\t\t\t<\/div>\n\t\t\t\t<\/div>\n\t\t\t\t\t<\/div>\n\t\t\t\t<\/div>\n\t\t\t\t<section class=\"elementor-section elementor-top-section elementor-element elementor-element-8r50byt elementor-section-boxed elementor-section-height-default elementor-section-height-default\" data-id=\"8r50byt\" data-element_type=\"section\" data-e-type=\"section\" data-settings=\"{&quot;background_background&quot;:&quot;classic&quot;}\">\n\t\t\t\t\t\t<div class=\"elementor-container elementor-column-gap-default\">\n\t\t\t\t\t<div class=\"elementor-column elementor-col-100 elementor-top-column elementor-element elementor-element-qyvmax0\" data-id=\"qyvmax0\" data-element_type=\"column\" data-e-type=\"column\">\n\t\t\t<div class=\"elementor-widget-wrap elementor-element-populated\">\n\t\t\t\t\t\t<div class=\"elementor-element elementor-element-zb3rx0a elementor-widget elementor-widget-heading\" data-id=\"zb3rx0a\" data-element_type=\"widget\" data-e-type=\"widget\" data-widget_type=\"heading.default\">\n\t\t\t\t\t<h2 class=\"elementor-heading-title elementor-size-default\">Les quiz et frises... pour t'exercer !<\/h2>\t\t\t\t<\/div>\n\t\t\t\t\t<\/div>\n\t\t<\/div>\n\t\t\t\t\t<\/div>\n\t\t<\/section>\n\t\t\t\t<section class=\"elementor-section elementor-top-section elementor-element elementor-element-ofin82i attorneys-boxes elementor-section-boxed elementor-section-height-default elementor-section-height-default\" data-id=\"ofin82i\" data-element_type=\"section\" data-e-type=\"section\" data-settings=\"{&quot;background_background&quot;:&quot;classic&quot;}\">\n\t\t\t\t\t\t<div class=\"elementor-container elementor-column-gap-default\">\n\t\t\t\t\t<div class=\"elementor-column elementor-col-25 elementor-top-column elementor-element elementor-element-ero30qi\" data-id=\"ero30qi\" data-element_type=\"column\" data-e-type=\"column\" data-settings=\"{&quot;background_background&quot;:&quot;classic&quot;}\">\n\t\t\t<div class=\"elementor-widget-wrap elementor-element-populated\">\n\t\t\t\t\t\t<div class=\"elementor-element elementor-element-13zghbk elementor-position-top elementor-widget elementor-widget-image-box\" data-id=\"13zghbk\" data-element_type=\"widget\" data-e-type=\"widget\" data-widget_type=\"image-box.default\">\n\t\t\t\t\t<div class=\"elementor-image-box-wrapper\"><figure class=\"elementor-image-box-img\"><a href=\"https:\/\/educa.cedric-dupraz.ch\/?p=3082\" tabindex=\"-1\"><img loading=\"lazy\" decoding=\"async\" width=\"1278\" height=\"891\" src=\"https:\/\/educa.cedric-dupraz.ch\/wp-content\/uploads\/2026\/06\/Femme.jpg\" class=\"attachment-full size-full wp-image-4622\" alt=\"\" srcset=\"https:\/\/educa.cedric-dupraz.ch\/wp-content\/uploads\/2026\/06\/Femme.jpg 1278w, https:\/\/educa.cedric-dupraz.ch\/wp-content\/uploads\/2026\/06\/Femme-300x209.jpg 300w, https:\/\/educa.cedric-dupraz.ch\/wp-content\/uploads\/2026\/06\/Femme-1024x714.jpg 1024w, https:\/\/educa.cedric-dupraz.ch\/wp-content\/uploads\/2026\/06\/Femme-768x535.jpg 768w\" sizes=\"(max-width: 1278px) 100vw, 1278px\" \/><\/a><\/figure><div class=\"elementor-image-box-content\"><h3 class=\"elementor-image-box-title\"><a href=\"https:\/\/educa.cedric-dupraz.ch\/?p=3082\">Cl\u00e9op\u00e2tre, Rosa Parks...<\/a><\/h3><p class=\"elementor-image-box-description\">Quiz sur les femmes qui ont fait l'Histoire.<\/p><\/div><\/div>\t\t\t\t<\/div>\n\t\t\t\t<div class=\"elementor-element elementor-element-9efda57 elementor-widget-divider--view-line elementor-widget elementor-widget-divider\" data-id=\"9efda57\" data-element_type=\"widget\" data-e-type=\"widget\" data-widget_type=\"divider.default\">\n\t\t\t\t\t\t\t<div class=\"elementor-divider\">\n\t\t\t<span class=\"elementor-divider-separator\">\n\t\t\t\t\t\t<\/span>\n\t\t<\/div>\n\t\t\t\t\t\t<\/div>\n\t\t\t\t\t<\/div>\n\t\t<\/div>\n\t\t\t\t<div class=\"elementor-column elementor-col-25 elementor-top-column elementor-element elementor-element-rd9mhtw\" data-id=\"rd9mhtw\" data-element_type=\"column\" data-e-type=\"column\" data-settings=\"{&quot;background_background&quot;:&quot;classic&quot;}\">\n\t\t\t<div class=\"elementor-widget-wrap elementor-element-populated\">\n\t\t\t\t\t\t<div class=\"elementor-element elementor-element-f9c58a5 elementor-position-top elementor-widget elementor-widget-image-box\" data-id=\"f9c58a5\" data-element_type=\"widget\" data-e-type=\"widget\" data-widget_type=\"image-box.default\">\n\t\t\t\t\t<div class=\"elementor-image-box-wrapper\"><figure class=\"elementor-image-box-img\"><a href=\"https:\/\/educa.cedric-dupraz.ch\/?p=4404\" tabindex=\"-1\"><img loading=\"lazy\" decoding=\"async\" width=\"1280\" height=\"895\" src=\"https:\/\/educa.cedric-dupraz.ch\/wp-content\/uploads\/2026\/05\/Religion.jpg\" class=\"attachment-full size-full wp-image-4403\" alt=\"\" srcset=\"https:\/\/educa.cedric-dupraz.ch\/wp-content\/uploads\/2026\/05\/Religion.jpg 1280w, https:\/\/educa.cedric-dupraz.ch\/wp-content\/uploads\/2026\/05\/Religion-300x210.jpg 300w, https:\/\/educa.cedric-dupraz.ch\/wp-content\/uploads\/2026\/05\/Religion-1024x716.jpg 1024w, https:\/\/educa.cedric-dupraz.ch\/wp-content\/uploads\/2026\/05\/Religion-768x537.jpg 768w\" sizes=\"(max-width: 1280px) 100vw, 1280px\" \/><\/a><\/figure><div class=\"elementor-image-box-content\"><h3 class=\"elementor-image-box-title\"><a href=\"https:\/\/educa.cedric-dupraz.ch\/?p=4404\">Cosmos<\/a><\/h3><p class=\"elementor-image-box-description\">Quiz sur les faits religieux et leur histoire.\n\n<\/p><\/div><\/div>\t\t\t\t<\/div>\n\t\t\t\t<div class=\"elementor-element elementor-element-3a12305 elementor-widget-divider--view-line elementor-widget elementor-widget-divider\" data-id=\"3a12305\" data-element_type=\"widget\" data-e-type=\"widget\" data-widget_type=\"divider.default\">\n\t\t\t\t\t\t\t<div class=\"elementor-divider\">\n\t\t\t<span class=\"elementor-divider-separator\">\n\t\t\t\t\t\t<\/span>\n\t\t<\/div>\n\t\t\t\t\t\t<\/div>\n\t\t\t\t\t<\/div>\n\t\t<\/div>\n\t\t\t\t<div class=\"elementor-column elementor-col-25 elementor-top-column elementor-element elementor-element-th2rxl6\" data-id=\"th2rxl6\" data-element_type=\"column\" data-e-type=\"column\" data-settings=\"{&quot;background_background&quot;:&quot;classic&quot;}\">\n\t\t\t<div class=\"elementor-widget-wrap elementor-element-populated\">\n\t\t\t\t\t\t<div class=\"elementor-element elementor-element-9a22c70 elementor-position-top elementor-widget elementor-widget-image-box\" data-id=\"9a22c70\" data-element_type=\"widget\" data-e-type=\"widget\" data-widget_type=\"image-box.default\">\n\t\t\t\t\t<div class=\"elementor-image-box-wrapper\"><figure class=\"elementor-image-box-img\"><img loading=\"lazy\" decoding=\"async\" width=\"1280\" height=\"894\" src=\"https:\/\/educa.cedric-dupraz.ch\/wp-content\/uploads\/2025\/07\/Cesar.png\" class=\"attachment-full size-full wp-image-965\" alt=\"\" srcset=\"https:\/\/educa.cedric-dupraz.ch\/wp-content\/uploads\/2025\/07\/Cesar.png 1280w, https:\/\/educa.cedric-dupraz.ch\/wp-content\/uploads\/2025\/07\/Cesar-300x210.png 300w, https:\/\/educa.cedric-dupraz.ch\/wp-content\/uploads\/2025\/07\/Cesar-1024x715.png 1024w, https:\/\/educa.cedric-dupraz.ch\/wp-content\/uploads\/2025\/07\/Cesar-768x536.png 768w\" sizes=\"(max-width: 1280px) 100vw, 1280px\" \/><\/figure><div class=\"elementor-image-box-content\"><h3 class=\"elementor-image-box-title\">Jules C\u00e9sar<\/h3><p class=\"elementor-image-box-description\">Quiz sur la civilisation romaine<\/p><\/div><\/div>\t\t\t\t<\/div>\n\t\t\t\t<div class=\"elementor-element elementor-element-kdgkfk9 elementor-widget-divider--view-line elementor-widget elementor-widget-divider\" data-id=\"kdgkfk9\" data-element_type=\"widget\" data-e-type=\"widget\" data-widget_type=\"divider.default\">\n\t\t\t\t\t\t\t<div class=\"elementor-divider\">\n\t\t\t<span class=\"elementor-divider-separator\">\n\t\t\t\t\t\t<\/span>\n\t\t<\/div>\n\t\t\t\t\t\t<\/div>\n\t\t\t\t\t<\/div>\n\t\t<\/div>\n\t\t\t\t<div class=\"elementor-column elementor-col-25 elementor-top-column elementor-element elementor-element-pfupxgz\" data-id=\"pfupxgz\" data-element_type=\"column\" data-e-type=\"column\" data-settings=\"{&quot;background_background&quot;:&quot;classic&quot;}\">\n\t\t\t<div class=\"elementor-widget-wrap elementor-element-populated\">\n\t\t\t\t\t\t<div class=\"elementor-element elementor-element-ul9cpt8 elementor-position-top elementor-widget elementor-widget-image-box\" data-id=\"ul9cpt8\" data-element_type=\"widget\" data-e-type=\"widget\" data-widget_type=\"image-box.default\">\n\t\t\t\t\t<div class=\"elementor-image-box-wrapper\"><figure class=\"elementor-image-box-img\"><a href=\"https:\/\/educa.cedric-dupraz.ch\/wp-content\/uploads\/2026\/08\/Frises-historiques-1.pdf\" tabindex=\"-1\"><img loading=\"lazy\" decoding=\"async\" width=\"1280\" height=\"892\" src=\"https:\/\/educa.cedric-dupraz.ch\/wp-content\/uploads\/2026\/07\/Historien-2.jpg\" class=\"attachment-full size-full wp-image-4755\" alt=\"\" srcset=\"https:\/\/educa.cedric-dupraz.ch\/wp-content\/uploads\/2026\/07\/Historien-2.jpg 1280w, https:\/\/educa.cedric-dupraz.ch\/wp-content\/uploads\/2026\/07\/Historien-2-300x209.jpg 300w, https:\/\/educa.cedric-dupraz.ch\/wp-content\/uploads\/2026\/07\/Historien-2-1024x714.jpg 1024w, https:\/\/educa.cedric-dupraz.ch\/wp-content\/uploads\/2026\/07\/Historien-2-768x535.jpg 768w\" sizes=\"(max-width: 1280px) 100vw, 1280px\" \/><\/a><\/figure><div class=\"elementor-image-box-content\"><h3 class=\"elementor-image-box-title\"><a href=\"https:\/\/educa.cedric-dupraz.ch\/wp-content\/uploads\/2026\/08\/Frises-historiques-1.pdf\">H\u00e9rodote, Bloch, Diop...<\/a><\/h3><p class=\"elementor-image-box-description\">Fiches d'exercices de frises de l'antiquit\u00e9 \u00e0 nos jours.<\/p><\/div><\/div>\t\t\t\t<\/div>\n\t\t\t\t<div class=\"elementor-element elementor-element-i9a3u0t elementor-widget-divider--view-line elementor-widget elementor-widget-divider\" data-id=\"i9a3u0t\" data-element_type=\"widget\" data-e-type=\"widget\" data-widget_type=\"divider.default\">\n\t\t\t\t\t\t\t<div class=\"elementor-divider\">\n\t\t\t<span class=\"elementor-divider-separator\">\n\t\t\t\t\t\t<\/span>\n\t\t<\/div>\n\t\t\t\t\t\t<\/div>\n\t\t\t\t\t<\/div>\n\t\t<\/div>\n\t\t\t\t\t<\/div>\n\t\t<\/section>\n\t\t\t\t<section class=\"elementor-section elementor-top-section elementor-element elementor-element-367844a attorneys-boxes elementor-section-boxed elementor-section-height-default elementor-section-height-default\" data-id=\"367844a\" data-element_type=\"section\" data-e-type=\"section\" data-settings=\"{&quot;background_background&quot;:&quot;classic&quot;}\">\n\t\t\t\t\t\t<div class=\"elementor-container elementor-column-gap-default\">\n\t\t\t\t\t<div class=\"elementor-column elementor-col-25 elementor-top-column elementor-element elementor-element-f51905f\" data-id=\"f51905f\" data-element_type=\"column\" data-e-type=\"column\" data-settings=\"{&quot;background_background&quot;:&quot;classic&quot;}\">\n\t\t\t<div class=\"elementor-widget-wrap elementor-element-populated\">\n\t\t\t\t\t\t<div class=\"elementor-element elementor-element-ca7bdc1 elementor-position-top elementor-widget elementor-widget-image-box\" data-id=\"ca7bdc1\" data-element_type=\"widget\" data-e-type=\"widget\" data-widget_type=\"image-box.default\">\n\t\t\t\t\t<div class=\"elementor-image-box-wrapper\"><figure class=\"elementor-image-box-img\"><img loading=\"lazy\" decoding=\"async\" width=\"1280\" height=\"894\" src=\"https:\/\/educa.cedric-dupraz.ch\/wp-content\/uploads\/2025\/07\/photo-de-leonard-de-vinci-avec-sa-barbe-qui-sourit-et-tient-un-pinceau-devant-un-tableau-de-joconde-en-preparation.jpg\" class=\"attachment-full size-full wp-image-971\" alt=\"\" srcset=\"https:\/\/educa.cedric-dupraz.ch\/wp-content\/uploads\/2025\/07\/photo-de-leonard-de-vinci-avec-sa-barbe-qui-sourit-et-tient-un-pinceau-devant-un-tableau-de-joconde-en-preparation.jpg 1280w, https:\/\/educa.cedric-dupraz.ch\/wp-content\/uploads\/2025\/07\/photo-de-leonard-de-vinci-avec-sa-barbe-qui-sourit-et-tient-un-pinceau-devant-un-tableau-de-joconde-en-preparation-300x210.jpg 300w, https:\/\/educa.cedric-dupraz.ch\/wp-content\/uploads\/2025\/07\/photo-de-leonard-de-vinci-avec-sa-barbe-qui-sourit-et-tient-un-pinceau-devant-un-tableau-de-joconde-en-preparation-1024x715.jpg 1024w, https:\/\/educa.cedric-dupraz.ch\/wp-content\/uploads\/2025\/07\/photo-de-leonard-de-vinci-avec-sa-barbe-qui-sourit-et-tient-un-pinceau-devant-un-tableau-de-joconde-en-preparation-768x536.jpg 768w\" sizes=\"(max-width: 1280px) 100vw, 1280px\" \/><\/figure><div class=\"elementor-image-box-content\"><h3 class=\"elementor-image-box-title\">L\u00e9onard de Vinci<\/h3><p class=\"elementor-image-box-description\">Quiz sur la Renaissance et les Grandes d\u00e9couvertes<\/p><\/div><\/div>\t\t\t\t<\/div>\n\t\t\t\t<div class=\"elementor-element elementor-element-7014d82 elementor-widget-divider--view-line elementor-widget elementor-widget-divider\" data-id=\"7014d82\" data-element_type=\"widget\" data-e-type=\"widget\" data-widget_type=\"divider.default\">\n\t\t\t\t\t\t\t<div class=\"elementor-divider\">\n\t\t\t<span class=\"elementor-divider-separator\">\n\t\t\t\t\t\t<\/span>\n\t\t<\/div>\n\t\t\t\t\t\t<\/div>\n\t\t\t\t\t<\/div>\n\t\t<\/div>\n\t\t\t\t<div class=\"elementor-column elementor-col-25 elementor-top-column elementor-element elementor-element-0b5d989\" data-id=\"0b5d989\" data-element_type=\"column\" data-e-type=\"column\" data-settings=\"{&quot;background_background&quot;:&quot;classic&quot;}\">\n\t\t\t<div class=\"elementor-widget-wrap elementor-element-populated\">\n\t\t\t\t\t\t<div class=\"elementor-element elementor-element-cc4fe8a elementor-position-top elementor-widget elementor-widget-image-box\" data-id=\"cc4fe8a\" data-element_type=\"widget\" data-e-type=\"widget\" data-widget_type=\"image-box.default\">\n\t\t\t\t\t<div class=\"elementor-image-box-wrapper\"><figure class=\"elementor-image-box-img\"><img loading=\"lazy\" decoding=\"async\" width=\"1280\" height=\"895\" src=\"https:\/\/educa.cedric-dupraz.ch\/wp-content\/uploads\/2025\/07\/Photo-du-reformateur-ulrich-zwingli-habille-en-noir-avec-un-bonnet-qui-tient-dans-une-main-une-hallebarde-suisse-et-de-lautre-une-bible-sur-fond-blanc.jpg\" class=\"attachment-full size-full wp-image-972\" alt=\"\" srcset=\"https:\/\/educa.cedric-dupraz.ch\/wp-content\/uploads\/2025\/07\/Photo-du-reformateur-ulrich-zwingli-habille-en-noir-avec-un-bonnet-qui-tient-dans-une-main-une-hallebarde-suisse-et-de-lautre-une-bible-sur-fond-blanc.jpg 1280w, https:\/\/educa.cedric-dupraz.ch\/wp-content\/uploads\/2025\/07\/Photo-du-reformateur-ulrich-zwingli-habille-en-noir-avec-un-bonnet-qui-tient-dans-une-main-une-hallebarde-suisse-et-de-lautre-une-bible-sur-fond-blanc-300x210.jpg 300w, https:\/\/educa.cedric-dupraz.ch\/wp-content\/uploads\/2025\/07\/Photo-du-reformateur-ulrich-zwingli-habille-en-noir-avec-un-bonnet-qui-tient-dans-une-main-une-hallebarde-suisse-et-de-lautre-une-bible-sur-fond-blanc-1024x716.jpg 1024w, https:\/\/educa.cedric-dupraz.ch\/wp-content\/uploads\/2025\/07\/Photo-du-reformateur-ulrich-zwingli-habille-en-noir-avec-un-bonnet-qui-tient-dans-une-main-une-hallebarde-suisse-et-de-lautre-une-bible-sur-fond-blanc-768x537.jpg 768w\" sizes=\"(max-width: 1280px) 100vw, 1280px\" \/><\/figure><div class=\"elementor-image-box-content\"><h3 class=\"elementor-image-box-title\">Ulrich Zwingli<\/h3><p class=\"elementor-image-box-description\">Quiz sur la R\u00e9forme et les guerres de religion<\/p><\/div><\/div>\t\t\t\t<\/div>\n\t\t\t\t<div class=\"elementor-element elementor-element-60e17d4 elementor-widget-divider--view-line elementor-widget elementor-widget-divider\" data-id=\"60e17d4\" data-element_type=\"widget\" data-e-type=\"widget\" data-widget_type=\"divider.default\">\n\t\t\t\t\t\t\t<div class=\"elementor-divider\">\n\t\t\t<span class=\"elementor-divider-separator\">\n\t\t\t\t\t\t<\/span>\n\t\t<\/div>\n\t\t\t\t\t\t<\/div>\n\t\t\t\t\t<\/div>\n\t\t<\/div>\n\t\t\t\t<div class=\"elementor-column elementor-col-25 elementor-top-column elementor-element elementor-element-c4bf581\" data-id=\"c4bf581\" data-element_type=\"column\" data-e-type=\"column\" data-settings=\"{&quot;background_background&quot;:&quot;classic&quot;}\">\n\t\t\t<div class=\"elementor-widget-wrap elementor-element-populated\">\n\t\t\t\t\t\t<div class=\"elementor-element elementor-element-c97810d elementor-position-top elementor-widget elementor-widget-image-box\" data-id=\"c97810d\" data-element_type=\"widget\" data-e-type=\"widget\" data-widget_type=\"image-box.default\">\n\t\t\t\t\t<div class=\"elementor-image-box-wrapper\"><figure class=\"elementor-image-box-img\"><img loading=\"lazy\" decoding=\"async\" width=\"1280\" height=\"894\" src=\"https:\/\/educa.cedric-dupraz.ch\/wp-content\/uploads\/2025\/07\/Photo-dune-femme-de-1789-qui-sourit-et-leve-un-point-serre-et-ou-lon-devine-la-revolution-francaise-derriere.jpg\" class=\"attachment-full size-full wp-image-973\" alt=\"\" srcset=\"https:\/\/educa.cedric-dupraz.ch\/wp-content\/uploads\/2025\/07\/Photo-dune-femme-de-1789-qui-sourit-et-leve-un-point-serre-et-ou-lon-devine-la-revolution-francaise-derriere.jpg 1280w, https:\/\/educa.cedric-dupraz.ch\/wp-content\/uploads\/2025\/07\/Photo-dune-femme-de-1789-qui-sourit-et-leve-un-point-serre-et-ou-lon-devine-la-revolution-francaise-derriere-300x210.jpg 300w, https:\/\/educa.cedric-dupraz.ch\/wp-content\/uploads\/2025\/07\/Photo-dune-femme-de-1789-qui-sourit-et-leve-un-point-serre-et-ou-lon-devine-la-revolution-francaise-derriere-1024x715.jpg 1024w, https:\/\/educa.cedric-dupraz.ch\/wp-content\/uploads\/2025\/07\/Photo-dune-femme-de-1789-qui-sourit-et-leve-un-point-serre-et-ou-lon-devine-la-revolution-francaise-derriere-768x536.jpg 768w\" sizes=\"(max-width: 1280px) 100vw, 1280px\" \/><\/figure><div class=\"elementor-image-box-content\"><h3 class=\"elementor-image-box-title\">Olympe de Gouges<\/h3><p class=\"elementor-image-box-description\">Quiz sur la monarchie et la R\u00e9volution fran\u00e7aise<\/p><\/div><\/div>\t\t\t\t<\/div>\n\t\t\t\t<div class=\"elementor-element elementor-element-3a45826 elementor-widget-divider--view-line elementor-widget elementor-widget-divider\" data-id=\"3a45826\" data-element_type=\"widget\" data-e-type=\"widget\" data-widget_type=\"divider.default\">\n\t\t\t\t\t\t\t<div class=\"elementor-divider\">\n\t\t\t<span class=\"elementor-divider-separator\">\n\t\t\t\t\t\t<\/span>\n\t\t<\/div>\n\t\t\t\t\t\t<\/div>\n\t\t\t\t\t<\/div>\n\t\t<\/div>\n\t\t\t\t<div class=\"elementor-column elementor-col-25 elementor-top-column elementor-element elementor-element-c0ab9d8\" data-id=\"c0ab9d8\" data-element_type=\"column\" data-e-type=\"column\" data-settings=\"{&quot;background_background&quot;:&quot;classic&quot;}\">\n\t\t\t<div class=\"elementor-widget-wrap elementor-element-populated\">\n\t\t\t\t\t\t<div class=\"elementor-element elementor-element-26fcc9f elementor-position-top elementor-widget elementor-widget-image-box\" data-id=\"26fcc9f\" data-element_type=\"widget\" data-e-type=\"widget\" data-widget_type=\"image-box.default\">\n\t\t\t\t\t<div class=\"elementor-image-box-wrapper\"><figure class=\"elementor-image-box-img\"><img loading=\"lazy\" decoding=\"async\" width=\"1280\" height=\"896\" src=\"https:\/\/educa.cedric-dupraz.ch\/wp-content\/uploads\/2025\/07\/photo-de-la-reine-Victoria-avec-un-globe-et-le-sourire2.jpg\" class=\"attachment-full size-full wp-image-1091\" alt=\"\" srcset=\"https:\/\/educa.cedric-dupraz.ch\/wp-content\/uploads\/2025\/07\/photo-de-la-reine-Victoria-avec-un-globe-et-le-sourire2.jpg 1280w, https:\/\/educa.cedric-dupraz.ch\/wp-content\/uploads\/2025\/07\/photo-de-la-reine-Victoria-avec-un-globe-et-le-sourire2-300x210.jpg 300w, https:\/\/educa.cedric-dupraz.ch\/wp-content\/uploads\/2025\/07\/photo-de-la-reine-Victoria-avec-un-globe-et-le-sourire2-1024x717.jpg 1024w, https:\/\/educa.cedric-dupraz.ch\/wp-content\/uploads\/2025\/07\/photo-de-la-reine-Victoria-avec-un-globe-et-le-sourire2-768x538.jpg 768w\" sizes=\"(max-width: 1280px) 100vw, 1280px\" \/><\/figure><div class=\"elementor-image-box-content\"><h3 class=\"elementor-image-box-title\">Victoria<\/h3><p class=\"elementor-image-box-description\">Quiz sur le XIXe si\u00e8cle jusqu'au d\u00e9but de la 1er Guerre mondiale<\/p><\/div><\/div>\t\t\t\t<\/div>\n\t\t\t\t<div class=\"elementor-element elementor-element-0f6683d elementor-widget-divider--view-line elementor-widget elementor-widget-divider\" data-id=\"0f6683d\" data-element_type=\"widget\" data-e-type=\"widget\" data-widget_type=\"divider.default\">\n\t\t\t\t\t\t\t<div class=\"elementor-divider\">\n\t\t\t<span class=\"elementor-divider-separator\">\n\t\t\t\t\t\t<\/span>\n\t\t<\/div>\n\t\t\t\t\t\t<\/div>\n\t\t\t\t\t<\/div>\n\t\t<\/div>\n\t\t\t\t\t<\/div>\n\t\t<\/section>\n\t\t\t\t<section class=\"elementor-section elementor-top-section elementor-element elementor-element-0wjjz0q elementor-section-boxed elementor-section-height-default elementor-section-height-default\" data-id=\"0wjjz0q\" data-element_type=\"section\" data-e-type=\"section\" data-settings=\"{&quot;background_background&quot;:&quot;classic&quot;}\">\n\t\t\t\t\t\t<div class=\"elementor-container elementor-column-gap-default\">\n\t\t\t\t\t<div class=\"elementor-column elementor-col-100 elementor-top-column elementor-element elementor-element-v0hcjbl\" data-id=\"v0hcjbl\" data-element_type=\"column\" data-e-type=\"column\">\n\t\t\t<div class=\"elementor-widget-wrap elementor-element-populated\">\n\t\t\t\t\t\t<div class=\"elementor-element elementor-element-7yt0znx elementor-widget-divider--view-line elementor-widget elementor-widget-divider\" data-id=\"7yt0znx\" data-element_type=\"widget\" data-e-type=\"widget\" data-widget_type=\"divider.default\">\n\t\t\t\t\t\t\t<div class=\"elementor-divider\">\n\t\t\t<span class=\"elementor-divider-separator\">\n\t\t\t\t\t\t<\/span>\n\t\t<\/div>\n\t\t\t\t\t\t<\/div>\n\t\t\t\t\t<\/div>\n\t\t<\/div>\n\t\t\t\t\t<\/div>\n\t\t<\/section>\n\t\t\t\t<section class=\"elementor-section elementor-top-section elementor-element elementor-element-hzfp62e elementor-section-boxed elementor-section-height-default elementor-section-height-default\" data-id=\"hzfp62e\" data-element_type=\"section\" data-e-type=\"section\" data-settings=\"{&quot;background_background&quot;:&quot;classic&quot;}\">\n\t\t\t\t\t\t<div class=\"elementor-container elementor-column-gap-default\">\n\t\t\t\t\t<div class=\"elementor-column elementor-col-100 elementor-top-column elementor-element elementor-element-1q3gbvs\" data-id=\"1q3gbvs\" data-element_type=\"column\" data-e-type=\"column\">\n\t\t\t<div class=\"elementor-widget-wrap elementor-element-populated\">\n\t\t\t\t\t\t<div class=\"elementor-element elementor-element-wqud3ax elementor-widget elementor-widget-heading\" data-id=\"wqud3ax\" data-element_type=\"widget\" data-e-type=\"widget\" data-widget_type=\"heading.default\">\n\t\t\t\t\t<h2 class=\"elementor-heading-title elementor-size-default\">Les manuels<\/h2>\t\t\t\t<\/div>\n\t\t\t\t<div class=\"elementor-element elementor-element-pyz4xvo elementor-widget elementor-widget-text-editor\" data-id=\"pyz4xvo\" data-element_type=\"widget\" data-e-type=\"widget\" data-widget_type=\"text-editor.default\">\n\t\t\t\t\t\t\t\t\t<p>Voici les manuels que tu connais. N&rsquo;oublie pas que ceux-ci sont pleins de ressources. Ils t&rsquo;offrent de nombreux acc\u00e8s \u00e0 des informations, photos et textes, qui te permettront de renforcer tes connaissances et ta formation en histoire.\u00a0<\/p>\t\t\t\t\t\t\t\t<\/div>\n\t\t\t\t\t<\/div>\n\t\t<\/div>\n\t\t\t\t\t<\/div>\n\t\t<\/section>\n\t\t\t\t<section class=\"elementor-section elementor-top-section elementor-element elementor-element-iviwt75 elementor-section-boxed elementor-section-height-default elementor-section-height-default\" data-id=\"iviwt75\" data-element_type=\"section\" data-e-type=\"section\" data-settings=\"{&quot;background_background&quot;:&quot;classic&quot;}\">\n\t\t\t\t\t\t<div class=\"elementor-container elementor-column-gap-default\">\n\t\t\t\t\t<div class=\"elementor-column elementor-col-33 elementor-top-column elementor-element elementor-element-2wa27ek\" data-id=\"2wa27ek\" data-element_type=\"column\" data-e-type=\"column\">\n\t\t\t<div class=\"elementor-widget-wrap elementor-element-populated\">\n\t\t\t\t\t\t<div class=\"elementor-element elementor-element-fc624fd elementor-widget elementor-widget-image\" data-id=\"fc624fd\" data-element_type=\"widget\" data-e-type=\"widget\" data-widget_type=\"image.default\">\n\t\t\t\t\t\t\t\t\t\t\t\t\t\t\t\t<a href=\"https:\/\/educa.cedric-dupraz.ch\/?p=1795\">\n\t\t\t\t\t\t\t<img loading=\"lazy\" decoding=\"async\" width=\"186\" height=\"259\" src=\"https:\/\/educa.cedric-dupraz.ch\/wp-content\/uploads\/2025\/07\/Couverture-manuel-9e-annee-2.jpg\" class=\"attachment-large size-large wp-image-1078\" alt=\"\" \/>\t\t\t\t\t\t\t\t<\/a>\n\t\t\t\t\t\t\t\t\t\t\t\t\t\t\t<\/div>\n\t\t\t\t\t<\/div>\n\t\t<\/div>\n\t\t\t\t<div class=\"elementor-column elementor-col-33 elementor-top-column elementor-element elementor-element-3fy31nn\" data-id=\"3fy31nn\" data-element_type=\"column\" data-e-type=\"column\">\n\t\t\t<div class=\"elementor-widget-wrap elementor-element-populated\">\n\t\t\t\t\t\t<div class=\"elementor-element elementor-element-4066c68 elementor-widget elementor-widget-image\" data-id=\"4066c68\" data-element_type=\"widget\" data-e-type=\"widget\" data-widget_type=\"image.default\">\n\t\t\t\t\t\t\t\t\t\t\t\t\t\t\t\t<a href=\"https:\/\/educa.cedric-dupraz.ch\/?p=1795\">\n\t\t\t\t\t\t\t<img loading=\"lazy\" decoding=\"async\" width=\"182\" height=\"259\" src=\"https:\/\/educa.cedric-dupraz.ch\/wp-content\/uploads\/2025\/07\/Manuel-10-harmos-4.jpg\" class=\"attachment-large size-large wp-image-1080\" alt=\"\" \/>\t\t\t\t\t\t\t\t<\/a>\n\t\t\t\t\t\t\t\t\t\t\t\t\t\t\t<\/div>\n\t\t\t\t\t<\/div>\n\t\t<\/div>\n\t\t\t\t<div class=\"elementor-column elementor-col-33 elementor-top-column elementor-element elementor-element-3mu4szr\" data-id=\"3mu4szr\" data-element_type=\"column\" data-e-type=\"column\">\n\t\t\t<div class=\"elementor-widget-wrap elementor-element-populated\">\n\t\t\t\t\t\t<div class=\"elementor-element elementor-element-42b9036 elementor-widget elementor-widget-image\" data-id=\"42b9036\" data-element_type=\"widget\" data-e-type=\"widget\" data-widget_type=\"image.default\">\n\t\t\t\t\t\t\t\t\t\t\t\t<figure class=\"wp-caption\">\n\t\t\t\t\t\t\t\t\t\t\t<a href=\"https:\/\/educa.cedric-dupraz.ch\/?p=1795\">\n\t\t\t\t\t\t\t<img loading=\"lazy\" decoding=\"async\" width=\"186\" height=\"254\" src=\"https:\/\/educa.cedric-dupraz.ch\/wp-content\/uploads\/2025\/07\/Titre-civisme-support-de-cours2.jpg\" class=\"attachment-large size-large wp-image-1082\" alt=\"\" \/>\t\t\t\t\t\t\t\t<\/a>\n\t\t\t\t\t\t\t\t\t\t\t<figcaption class=\"widget-image-caption wp-caption-text\"><\/figcaption>\n\t\t\t\t\t\t\t\t\t\t<\/figure>\n\t\t\t\t\t\t\t\t\t<\/div>\n\t\t\t\t\t<\/div>\n\t\t<\/div>\n\t\t\t\t\t<\/div>\n\t\t<\/section>\n\t\t\t\t<section class=\"elementor-section elementor-top-section elementor-element elementor-element-hkim48t elementor-section-boxed elementor-section-height-default elementor-section-height-default\" data-id=\"hkim48t\" data-element_type=\"section\" data-e-type=\"section\" data-settings=\"{&quot;background_background&quot;:&quot;classic&quot;}\">\n\t\t\t\t\t\t<div class=\"elementor-container elementor-column-gap-default\">\n\t\t\t\t\t<div class=\"elementor-column elementor-col-100 elementor-top-column elementor-element elementor-element-ysk8otc\" data-id=\"ysk8otc\" data-element_type=\"column\" data-e-type=\"column\">\n\t\t\t<div class=\"elementor-widget-wrap elementor-element-populated\">\n\t\t\t\t\t\t<div class=\"elementor-element elementor-element-h6yjvlx elementor-widget elementor-widget-heading\" data-id=\"h6yjvlx\" data-element_type=\"widget\" data-e-type=\"widget\" data-widget_type=\"heading.default\">\n\t\t\t\t\t<h2 class=\"elementor-heading-title elementor-size-default\">La carte du monde... pour voir plus grand !<\/h2>\t\t\t\t<\/div>\n\t\t\t\t\t<\/div>\n\t\t<\/div>\n\t\t\t\t\t<\/div>\n\t\t<\/section>\n\t\t\t\t<section class=\"elementor-section elementor-top-section elementor-element elementor-element-hozvi9w elementor-section-full_width elementor-section-height-default elementor-section-height-default\" data-id=\"hozvi9w\" data-element_type=\"section\" data-e-type=\"section\">\n\t\t\t\t\t\t<div class=\"elementor-container elementor-column-gap-default\">\n\t\t\t\t\t<div class=\"elementor-column elementor-col-100 elementor-top-column elementor-element elementor-element-i67oz4e\" data-id=\"i67oz4e\" data-element_type=\"column\" data-e-type=\"column\">\n\t\t\t<div class=\"elementor-widget-wrap elementor-element-populated\">\n\t\t\t\t\t\t<div class=\"elementor-element elementor-element-mnxs5p9 elementor-widget elementor-widget-google_maps\" data-id=\"mnxs5p9\" data-element_type=\"widget\" data-e-type=\"widget\" data-widget_type=\"google_maps.default\">\n\t\t\t\t\t\t\t<div class=\"elementor-custom-embed\">\n\t\t\t<iframe loading=\"lazy\"\n\t\t\t\t\tsrc=\"https:\/\/maps.google.com\/maps?q=Le%20Locle%2C%20switzerland&#038;t=m&#038;z=1&#038;output=embed&#038;iwloc=near\"\n\t\t\t\t\ttitle=\"Le Locle, switzerland\"\n\t\t\t\t\taria-label=\"Le Locle, switzerland\"\n\t\t\t><\/iframe>\n\t\t<\/div>\n\t\t\t\t\t\t<\/div>\n\t\t\t\t\t<\/div>\n\t\t<\/div>\n\t\t\t\t\t<\/div>\n\t\t<\/section>\n\t\t\t\t<\/div>\n\t\t","protected":false},"excerpt":{"rendered":"<p>Histoire et civisme L&rsquo;histoire, c&rsquo;est quoi ? Ce sont tous les \u00e9v\u00e9nements pass\u00e9s et toutes les personnes qui ont v\u00e9cu avant toi. Ils te montrent le chemin. Parfois, l&rsquo;histoire t&rsquo;explique leurs erreurs, souvent leurs espoirs. D\u00e9veloppe tes connaissances, ton esprit critique pour \u00e9crire l&rsquo;histoire de demain ! \u00ab\u00a0On est tous n\u00e9s quelque part&#8230; au hasard\u00a0\u00bb [&hellip;]<\/p>\n","protected":false},"author":2,"featured_media":0,"parent":0,"menu_order":0,"comment_status":"closed","ping_status":"closed","template":"","meta":{"om_disable_all_campaigns":false,"_monsterinsights_skip_tracking":false,"ngg_post_thumbnail":0,"ocean_front_end_style_editor":"no","ocean_post_layout":"full-screen","ocean_both_sidebars_style":"","ocean_both_sidebars_content_width":0,"ocean_both_sidebars_sidebars_width":0,"ocean_sidebar":"","ocean_second_sidebar":"","ocean_disable_margins":"on","ocean_add_body_class":"","ocean_shortcode_before_top_bar":"","ocean_shortcode_after_top_bar":"","ocean_shortcode_before_header":"","ocean_shortcode_after_header":"","ocean_has_shortcode":"","ocean_shortcode_after_title":"","ocean_shortcode_before_footer_widgets":"","ocean_shortcode_after_footer_widgets":"","ocean_shortcode_before_footer_bottom":"","ocean_shortcode_after_footer_bottom":"","ocean_display_top_bar":"default","ocean_display_header":"default","ocean_header_style":"","ocean_center_header_left_menu":"","ocean_custom_header_template":"","ocean_custom_logo":0,"ocean_custom_retina_logo":0,"ocean_custom_logo_max_width":0,"ocean_custom_logo_tablet_max_width":0,"ocean_custom_logo_mobile_max_width":0,"ocean_custom_logo_max_height":0,"ocean_custom_logo_tablet_max_height":0,"ocean_custom_logo_mobile_max_height":0,"ocean_header_custom_menu":"","ocean_menu_typo_font_family":"","ocean_menu_typo_font_subset":"","ocean_menu_typo_font_size":0,"ocean_menu_typo_font_size_tablet":0,"ocean_menu_typo_font_size_mobile":0,"ocean_menu_typo_font_size_unit":"px","ocean_menu_typo_font_weight":"","ocean_menu_typo_font_weight_tablet":"","ocean_menu_typo_font_weight_mobile":"","ocean_menu_typo_transform":"","ocean_menu_typo_transform_tablet":"","ocean_menu_typo_transform_mobile":"","ocean_menu_typo_line_height":0,"ocean_menu_typo_line_height_tablet":0,"ocean_menu_typo_line_height_mobile":0,"ocean_menu_typo_line_height_unit":"","ocean_menu_typo_spacing":0,"ocean_menu_typo_spacing_tablet":0,"ocean_menu_typo_spacing_mobile":0,"ocean_menu_typo_spacing_unit":"","ocean_menu_link_color":"","ocean_menu_link_color_hover":"","ocean_menu_link_color_active":"","ocean_menu_link_background":"","ocean_menu_link_hover_background":"","ocean_menu_link_active_background":"","ocean_menu_social_links_bg":"","ocean_menu_social_hover_links_bg":"","ocean_menu_social_links_color":"","ocean_menu_social_hover_links_color":"","ocean_disable_title":"on","ocean_disable_heading":"default","ocean_post_title":"","ocean_post_subheading":"","ocean_post_title_style":"","ocean_post_title_background_color":"","ocean_post_title_background":0,"ocean_post_title_bg_image_position":"","ocean_post_title_bg_image_attachment":"","ocean_post_title_bg_image_repeat":"","ocean_post_title_bg_image_size":"","ocean_post_title_height":0,"ocean_post_title_bg_overlay":0.5,"ocean_post_title_bg_overlay_color":"","ocean_disable_breadcrumbs":"default","ocean_breadcrumbs_color":"","ocean_breadcrumbs_separator_color":"","ocean_breadcrumbs_links_color":"","ocean_breadcrumbs_links_hover_color":"","ocean_display_footer_widgets":"default","ocean_display_footer_bottom":"default","ocean_custom_footer_template":"","footnotes":""},"class_list":["post-859","page","type-page","status-publish","hentry","entry"],"aioseo_notices":[],"aioseo_head":"\n\t\t<!-- All in One SEO 5.0.1.1 - aioseo.com -->\n\t<meta name=\"description\" content=\"Les ressources p\u00e9dagogiques propos\u00e9es par C\u00e9dric Dupraz sur l&#039;enseignement de l\u2019histoire, du civisme et de la citoyennet\u00e9 au coll\u00e8ge et \u00e0 l&#039;\u00e9cole secondaire.\" \/>\n\t<meta name=\"robots\" content=\"max-image-preview:large\" \/>\n\t<meta name=\"google-site-verification\" content=\"7bxG99gel-32J06cJr-ZTYv6crOv-lwVVid-3DJwy2I\" \/>\n\t<link rel=\"canonical\" href=\"https:\/\/educa.cedric-dupraz.ch\/\" \/>\n\t<meta name=\"generator\" content=\"All in One SEO (AIOSEO) 5.0.1.1\" \/>\n\t\t<meta property=\"og:locale\" content=\"fr_FR\" \/>\n\t\t<meta property=\"og:site_name\" content=\"\u00c9ducation -\" \/>\n\t\t<meta property=\"og:type\" content=\"website\" \/>\n\t\t<meta property=\"og:title\" content=\"Histoire et citoyennet\u00e9 : Comprendre le pass\u00e9, vivre le pr\u00e9sent, construire le futur\" \/>\n\t\t<meta property=\"og:description\" content=\"Les ressources p\u00e9dagogiques propos\u00e9es par C\u00e9dric Dupraz sur l&#039;enseignement de l\u2019histoire, du civisme et de la citoyennet\u00e9 au coll\u00e8ge et \u00e0 l&#039;\u00e9cole secondaire.\" \/>\n\t\t<meta property=\"og:url\" content=\"https:\/\/educa.cedric-dupraz.ch\/\" \/>\n\t\t<meta property=\"og:image\" content=\"https:\/\/educa.cedric-dupraz.ch\/wp-content\/uploads\/2025\/07\/logo-site.png\" \/>\n\t\t<meta property=\"og:image:secure_url\" content=\"https:\/\/educa.cedric-dupraz.ch\/wp-content\/uploads\/2025\/07\/logo-site.png\" \/>\n\t\t<meta name=\"twitter:card\" content=\"summary_large_image\" \/>\n\t\t<meta name=\"twitter:title\" content=\"Histoire et citoyennet\u00e9 : Comprendre le pass\u00e9, vivre le pr\u00e9sent, construire le futur\" \/>\n\t\t<meta name=\"twitter:description\" content=\"Les ressources p\u00e9dagogiques propos\u00e9es par C\u00e9dric Dupraz sur l&#039;enseignement de l\u2019histoire, du civisme et de la citoyennet\u00e9 au coll\u00e8ge et \u00e0 l&#039;\u00e9cole secondaire.\" \/>\n\t\t<meta name=\"twitter:image\" content=\"https:\/\/educa.cedric-dupraz.ch\/wp-content\/uploads\/2025\/07\/logo-site.png\" \/>\n\t\t<script type=\"application\/ld+json\" class=\"aioseo-schema\">\n\t\t\t{\"@context\":\"https:\\\/\\\/schema.org\",\"@graph\":[{\"@type\":\"BreadcrumbList\",\"@id\":\"https:\\\/\\\/educa.cedric-dupraz.ch\\\/#breadcrumblist\",\"itemListElement\":[{\"@type\":\"ListItem\",\"@id\":\"https:\\\/\\\/educa.cedric-dupraz.ch#listItem\",\"position\":1,\"name\":\"Home\",\"item\":\"https:\\\/\\\/educa.cedric-dupraz.ch\",\"nextItem\":{\"@type\":\"ListItem\",\"@id\":\"https:\\\/\\\/educa.cedric-dupraz.ch\\\/#listItem\",\"name\":\"Page d&rsquo;accueil\"}},{\"@type\":\"ListItem\",\"@id\":\"https:\\\/\\\/educa.cedric-dupraz.ch\\\/#listItem\",\"position\":2,\"name\":\"Page d&rsquo;accueil\",\"previousItem\":{\"@type\":\"ListItem\",\"@id\":\"https:\\\/\\\/educa.cedric-dupraz.ch#listItem\",\"name\":\"Home\"}}]},{\"@type\":\"Organization\",\"@id\":\"https:\\\/\\\/educa.cedric-dupraz.ch\\\/#organization\",\"name\":\"\\u00c9ducation\",\"url\":\"https:\\\/\\\/educa.cedric-dupraz.ch\\\/\",\"logo\":{\"@type\":\"ImageObject\",\"url\":\"https:\\\/\\\/educa.cedric-dupraz.ch\\\/wp-content\\\/uploads\\\/2025\\\/07\\\/logo-site.png\",\"@id\":\"https:\\\/\\\/educa.cedric-dupraz.ch\\\/#organizationLogo\",\"width\":127,\"height\":29},\"image\":{\"@id\":\"https:\\\/\\\/educa.cedric-dupraz.ch\\\/#organizationLogo\"}},{\"@type\":\"WebPage\",\"@id\":\"https:\\\/\\\/educa.cedric-dupraz.ch\\\/#webpage\",\"url\":\"https:\\\/\\\/educa.cedric-dupraz.ch\\\/\",\"name\":\"Histoire et citoyennet\\u00e9 : Comprendre le pass\\u00e9, vivre le pr\\u00e9sent, construire le futur\",\"description\":\"Les ressources p\\u00e9dagogiques propos\\u00e9es par C\\u00e9dric Dupraz sur l'enseignement de l\\u2019histoire, du civisme et de la citoyennet\\u00e9 au coll\\u00e8ge et \\u00e0 l'\\u00e9cole secondaire.\",\"inLanguage\":\"fr-FR\",\"isPartOf\":{\"@id\":\"https:\\\/\\\/educa.cedric-dupraz.ch\\\/#website\"},\"breadcrumb\":{\"@id\":\"https:\\\/\\\/educa.cedric-dupraz.ch\\\/#breadcrumblist\"},\"datePublished\":\"2025-07-19T17:16:40+00:00\",\"dateModified\":\"2026-08-19T16:01:26+00:00\"},{\"@type\":\"WebSite\",\"@id\":\"https:\\\/\\\/educa.cedric-dupraz.ch\\\/#website\",\"url\":\"https:\\\/\\\/educa.cedric-dupraz.ch\\\/\",\"name\":\"\\u00c9ducation\",\"inLanguage\":\"fr-FR\",\"publisher\":{\"@id\":\"https:\\\/\\\/educa.cedric-dupraz.ch\\\/#organization\"}}]}\n\t\t<\/script>\n\t\t<!-- All in One SEO -->\n\n","aioseo_head_json":{"title":"Histoire et citoyennet\u00e9 : Comprendre le pass\u00e9, vivre le pr\u00e9sent, construire le futur","description":"Les ressources p\u00e9dagogiques propos\u00e9es par C\u00e9dric Dupraz sur l'enseignement de l\u2019histoire, du civisme et de la citoyennet\u00e9 au coll\u00e8ge et \u00e0 l'\u00e9cole secondaire.","canonical_url":"https:\/\/educa.cedric-dupraz.ch\/","robots":"max-image-preview:large","keywords":"","webmasterTools":{"google-site-verification":"7bxG99gel-32J06cJr-ZTYv6crOv-lwVVid-3DJwy2I","miscellaneous":""},"schema":{"@context":"https:\/\/schema.org","@graph":[{"@type":"BreadcrumbList","@id":"https:\/\/educa.cedric-dupraz.ch\/#breadcrumblist","itemListElement":[{"@type":"ListItem","@id":"https:\/\/educa.cedric-dupraz.ch#listItem","position":1,"name":"Home","item":"https:\/\/educa.cedric-dupraz.ch","nextItem":{"@type":"ListItem","@id":"https:\/\/educa.cedric-dupraz.ch\/#listItem","name":"Page d&rsquo;accueil"}},{"@type":"ListItem","@id":"https:\/\/educa.cedric-dupraz.ch\/#listItem","position":2,"name":"Page d&rsquo;accueil","previousItem":{"@type":"ListItem","@id":"https:\/\/educa.cedric-dupraz.ch#listItem","name":"Home"}}]},{"@type":"Organization","@id":"https:\/\/educa.cedric-dupraz.ch\/#organization","name":"\u00c9ducation","url":"https:\/\/educa.cedric-dupraz.ch\/","logo":{"@type":"ImageObject","url":"https:\/\/educa.cedric-dupraz.ch\/wp-content\/uploads\/2025\/07\/logo-site.png","@id":"https:\/\/educa.cedric-dupraz.ch\/#organizationLogo","width":127,"height":29},"image":{"@id":"https:\/\/educa.cedric-dupraz.ch\/#organizationLogo"}},{"@type":"WebPage","@id":"https:\/\/educa.cedric-dupraz.ch\/#webpage","url":"https:\/\/educa.cedric-dupraz.ch\/","name":"Histoire et citoyennet\u00e9 : Comprendre le pass\u00e9, vivre le pr\u00e9sent, construire le futur","description":"Les ressources p\u00e9dagogiques propos\u00e9es par C\u00e9dric Dupraz sur l'enseignement de l\u2019histoire, du civisme et de la citoyennet\u00e9 au coll\u00e8ge et \u00e0 l'\u00e9cole secondaire.","inLanguage":"fr-FR","isPartOf":{"@id":"https:\/\/educa.cedric-dupraz.ch\/#website"},"breadcrumb":{"@id":"https:\/\/educa.cedric-dupraz.ch\/#breadcrumblist"},"datePublished":"2025-07-19T17:16:40+00:00","dateModified":"2026-08-19T16:01:26+00:00"},{"@type":"WebSite","@id":"https:\/\/educa.cedric-dupraz.ch\/#website","url":"https:\/\/educa.cedric-dupraz.ch\/","name":"\u00c9ducation","inLanguage":"fr-FR","publisher":{"@id":"https:\/\/educa.cedric-dupraz.ch\/#organization"}}]},"og:locale":"fr_FR","og:site_name":"\u00c9ducation -","og:type":"website","og:title":"Histoire et citoyennet\u00e9 : Comprendre le pass\u00e9, vivre le pr\u00e9sent, construire le futur","og:description":"Les ressources p\u00e9dagogiques propos\u00e9es par C\u00e9dric Dupraz sur l'enseignement de l\u2019histoire, du civisme et de la citoyennet\u00e9 au coll\u00e8ge et \u00e0 l'\u00e9cole secondaire.","og:url":"https:\/\/educa.cedric-dupraz.ch\/","og:image":"https:\/\/educa.cedric-dupraz.ch\/wp-content\/uploads\/2025\/07\/logo-site.png","og:image:secure_url":"https:\/\/educa.cedric-dupraz.ch\/wp-content\/uploads\/2025\/07\/logo-site.png","twitter:card":"summary_large_image","twitter:title":"Histoire et citoyennet\u00e9 : Comprendre le pass\u00e9, vivre le pr\u00e9sent, construire le futur","twitter:description":"Les ressources p\u00e9dagogiques propos\u00e9es par C\u00e9dric Dupraz sur l'enseignement de l\u2019histoire, du civisme et de la citoyennet\u00e9 au coll\u00e8ge et \u00e0 l'\u00e9cole secondaire.","twitter:image":"https:\/\/educa.cedric-dupraz.ch\/wp-content\/uploads\/2025\/07\/logo-site.png"},"aioseo_meta_data":{"post_id":"859","title":"Histoire et citoyennet\u00e9 : Comprendre le pass\u00e9, vivre le pr\u00e9sent, construire le futur","description":"Les ressources p\u00e9dagogiques propos\u00e9es par C\u00e9dric Dupraz sur l'enseignement de l\u2019histoire, du civisme et de la citoyennet\u00e9 au coll\u00e8ge et \u00e0 l'\u00e9cole secondaire.","keywords":null,"keyphrases":{"focus":[],"additional":[]},"primary_term":null,"canonical_url":null,"og_title":null,"og_description":null,"og_object_type":"website","og_image_type":"default","og_image_url":null,"og_image_width":null,"og_image_height":null,"og_image_custom_url":null,"og_image_custom_fields":null,"og_video":"","og_custom_url":null,"og_article_section":null,"og_article_tags":null,"twitter_use_og":false,"twitter_card":"default","twitter_image_type":"default","twitter_image_url":null,"twitter_image_custom_url":null,"twitter_image_custom_fields":null,"twitter_title":null,"twitter_description":null,"schema":{"blockGraphs":[],"customGraphs":[],"default":{"data":{"Article":[],"Course":[],"Dataset":[],"FAQPage":[],"Movie":[],"Person":[],"Product":[],"ProductReview":[],"Car":[],"Recipe":[],"Service":[],"SoftwareApplication":[],"WebPage":[]},"graphName":"WebPage","isEnabled":true},"graphs":[]},"schema_type":"default","schema_type_options":null,"pillar_content":false,"robots_default":true,"robots_noindex":false,"robots_noarchive":false,"robots_nosnippet":false,"robots_nofollow":false,"robots_noimageindex":false,"robots_noodp":false,"robots_notranslate":false,"robots_max_snippet":"-1","robots_max_videopreview":"-1","robots_max_imagepreview":"large","priority":null,"frequency":"default","local_seo":null,"breadcrumb_settings":null,"limit_modified_date":false,"ai":{"faqs":[],"keyPoints":[],"schemas":[],"titles":["Histoire et civisme : Comprendre le pass\u00e9 pour mieux vivre le pr\u00e9sent","D\u00e9couvrir l'histoire : Un voyage \u00e0 travers les civilisations et les \u00e9poques","L'importance de l'histoire et du civisme dans la soci\u00e9t\u00e9 moderne","Exploration de l'histoire : De la pr\u00e9histoire \u00e0 l'\u00e9poque contemporaine","Histoire et citoyennet\u00e9 : Cl\u00e9s pour comprendre notre monde aujourd'hui"],"descriptions":["D\u00e9couvrez l'histoire et le civisme, explorez les grandes p\u00e9riodes, les civilisations antiques aux enjeux contemporains, pour mieux comprendre notre monde.","Plongez dans l'histoire et le civisme \u00e0 travers des p\u00e9riodes cl\u00e9s, des civilisations et des questions citoyennes pour \u00e9crire l'avenir intelligemment.","Apprenez comment l'histoire fa\u00e7onne notre pr\u00e9sent : des civilisations anciennes aux enjeux modernes, avec des quiz, manuels et ressources vari\u00e9es.","Explorez l'histoire mondiale et la citoyennet\u00e9, de la pr\u00e9histoire \u00e0 nos jours, pour renforcer votre connaissance et votre esprit critique.","Ma\u00eetrisez l'histoire et le civisme gr\u00e2ce \u00e0 des ressources \u00e9ducatives, des quiz interactifs, et comprenez comment notre pass\u00e9 influence notre avenir."],"socialPosts":{"email":[],"linkedin":[],"twitter":[],"facebook":[],"instagram":[]}},"created":"2025-08-21 11:47:15","updated":"2026-08-20 11:37:25","seo_analyzer_scan_date":null,"focus_keyword":null,"additional_keywords":null,"truseo_locale":null},"aioseo_breadcrumb":"<div class=\"aioseo-breadcrumbs\"><span class=\"aioseo-breadcrumb\">\n\t\t\t<a href=\"https:\/\/educa.cedric-dupraz.ch\" title=\"Home\">Home<\/a>\n\t\t<\/span><span class=\"aioseo-breadcrumb-separator\">&raquo;<\/span><span class=\"aioseo-breadcrumb\">\n\t\t\tPage d\u2019accueil\n\t\t<\/span><\/div>","aioseo_breadcrumb_json":[{"label":"Home","link":"https:\/\/educa.cedric-dupraz.ch"},{"label":"Page d&rsquo;accueil","link":"https:\/\/educa.cedric-dupraz.ch\/"}],"_links":{"self":[{"href":"https:\/\/educa.cedric-dupraz.ch\/index.php?rest_route=\/wp\/v2\/pages\/859","targetHints":{"allow":["GET"]}}],"collection":[{"href":"https:\/\/educa.cedric-dupraz.ch\/index.php?rest_route=\/wp\/v2\/pages"}],"about":[{"href":"https:\/\/educa.cedric-dupraz.ch\/index.php?rest_route=\/wp\/v2\/types\/page"}],"author":[{"embeddable":true,"href":"https:\/\/educa.cedric-dupraz.ch\/index.php?rest_route=\/wp\/v2\/users\/2"}],"replies":[{"embeddable":true,"href":"https:\/\/educa.cedric-dupraz.ch\/index.php?rest_route=%2Fwp%2Fv2%2Fcomments&post=859"}],"version-history":[{"count":286,"href":"https:\/\/educa.cedric-dupraz.ch\/index.php?rest_route=\/wp\/v2\/pages\/859\/revisions"}],"predecessor-version":[{"id":4931,"href":"https:\/\/educa.cedric-dupraz.ch\/index.php?rest_route=\/wp\/v2\/pages\/859\/revisions\/4931"}],"wp:attachment":[{"href":"https:\/\/educa.cedric-dupraz.ch\/index.php?rest_route=%2Fwp%2Fv2%2Fmedia&parent=859"}],"curies":[{"name":"wp","href":"https:\/\/api.w.org\/{rel}","templated":true}]}}